

{"id":20,"date":"2016-11-04T15:28:27","date_gmt":"2016-11-04T14:28:27","guid":{"rendered":"http:\/\/holidaytorbole.it\/?page_id=20"},"modified":"2025-02-06T17:31:27","modified_gmt":"2025-02-06T16:31:27","slug":"capo-le-case","status":"publish","type":"page","link":"https:\/\/www.casaheberart.com\/it\/capo-le-case\/","title":{"rendered":"Capo Le Case"},"content":{"rendered":"[vc_row][vc_column][rev_slider_vc alias=&#8221;capo-le-case-banner&#8221;][vc_empty_space height=&#8221;0px&#8221; el_id=&#8221;offerte&#8221; css=&#8221;.vc_custom_1522940409795{margin-top: -140px !important;margin-bottom: 140px !important;}&#8221;][\/vc_column][\/vc_row][vc_row full_width=&#8221;stretch_row&#8221; css=&#8221;.vc_custom_1647602813933{margin-top: 0px !important;margin-bottom: 0px !important;border-top-width: 0px !important;border-bottom-width: 0px !important;padding-top: 0px !important;padding-bottom: 0px !important;background-color: #003581 !important;}&#8221;][vc_column css=&#8221;.vc_custom_1563795091819{margin-top: 0px !important;margin-bottom: 0px !important;border-top-width: 0px !important;border-bottom-width: 0px !important;padding-top: 10px !important;padding-bottom: 0px !important;}&#8221;][vc_raw_html]JTNDc2NyaXB0JTIwdHlwZSUzRCUyMnRleHQlMkZqYXZhc2NyaXB0JTIyJTIwc3JjJTNEJTIyaHR0cHMlM0ElMkYlMkZyZXN4Lm9jdG9yYXRlLmNvbSUyRm9jdG9ib29rJTJGcmVzb3VyY2VzJTJGd2lkZ2V0JTJGanMlMkZmb3JtLmpzJTIyJTIwZGF0YS1zaXRla2V5JTNEJTIyYTI4YmRjNjk3NzM1OWFlZDUyY2E1MDcyNmYwZmQwNWYlMjIlM0UlM0MlMkZzY3JpcHQlM0U=[\/vc_raw_html][\/vc_column][\/vc_row][vc_row full_width=&#8221;stretch_row_content&#8221; equal_height=&#8221;yes&#8221; content_placement=&#8221;middle&#8221; el_class=&#8221;offer-block therow&#8221; enable_overlay=&#8221;true&#8221; css=&#8221;.vc_custom_1522939673462{margin-bottom: 0px !important;padding-right: 20% !important;padding-left: 20% !important;}&#8221;][vc_column offset=&#8221;vc_col-lg-8 vc_col-md-6 vc_col-xs-12&#8243;][vc_custom_heading text=&#8221;Capo Le Case&#8221; font_container=&#8221;tag:h1|text_align:center|color:%23212121&#8243; use_theme_fonts=&#8221;yes&#8221; css=&#8221;.vc_custom_1513352841476{margin-bottom: 20px !important;}&#8221;][vc_column_text]Casa Heberart Guest House Capo le Case, in via di Capo le Case, si trova in una via che segna il confine tra i rioni Trevi e Colonna, e dove \u201cletteralmente\u201d tanti anni fa, avevano inizio le case e cominciavano i pascoli\u2026 una Roma molto diversa da quella di oggi&#8230; e nello stesso edificio, che adesso accoglie la Guest House al primo piano, c\u2019era un fienile a livello della strada\u2026 La location \u00e8 stato sempre un crocevia di viaggiatori, uomini d\u2019affari e personaggi illustri, e sembra che proprio al numero 18 di Via di Capo le Case, abbia soggiornato Garibaldi, come conferma la targa all\u2019angolo della strada.\r\n\r\nLa struttura, situata nel cuore del Centro Storico di Roma, dista soli 5 minuti a piedi da Fontana di Trevi e 200 m dalle stazioni metropolitane di Piazza Barberini e Piazza di Spagna. In questa zona si trovano anche le pi\u00f9 famose vie dello shopping, con un\u2019ampia scelta di marche.\r\nAl primo piano di un palazzo signorile, la Guest House si trova in un appartamento elegante e confortevole, arredato con mobili d\u2019epoca e tessuti pregiati.\r\n\r\nTutte le stanze dispongono di TV LED con canali via cavo, e bollitore elettrico.[\/vc_column_text][vc_column_text][\/vc_column_text][\/vc_column][vc_column css=&#8221;.vc_custom_1522940171820{padding-top: 25px !important;padding-right: 25px !important;padding-bottom: 25px !important;padding-left: 25px !important;background-color: #252c44 !important;}&#8221; el_class=&#8221;whitefont&#8221; offset=&#8221;vc_col-lg-4 vc_col-md-6 vc_col-xs-12&#8243;][vc_custom_heading text=&#8221;Prenota on-line&#8221; font_container=&#8221;tag:h2|text_align:left|color:%23ffffff&#8221; use_theme_fonts=&#8221;yes&#8221; css=&#8221;.vc_custom_1522942012208{margin-bottom: 20px !important;}&#8221;][vc_column_text]Perch\u00e9 prenotare sul nostro sito?\r\n\r\n<i class=\"fa fa-check-circle\"><\/i> Migliori tariffe garantite\r\n<i class=\"fa fa-check-circle\"><\/i> Prenotazione diretta, nessuna commissione\r\n\r\nPer prenotare, selezionare all\u2019interno del banner giallo il nome della struttura \u2013 Sistina o Capo le Case, le date ed il numero di ospiti.\r\n\r\nPer aiuto e assistenza, potete contattarci direttamente al numero: 0039 06 42014107, oppure scrivere a: info@casaheberart.com.[\/vc_column_text][vc_empty_space height=&#8221;0px&#8221; el_id=&#8221;servizi&#8221; css=&#8221;.vc_custom_1522940449484{margin-top: -140px !important;margin-bottom: 140px !important;}&#8221;][\/vc_column][\/vc_row][vc_row full_width=&#8221;stretch_row&#8221; disable_element=&#8221;yes&#8221; el_class=&#8221;offer-block&#8221; enable_overlay=&#8221;true&#8221; css=&#8221;.vc_custom_1591705600558{margin-bottom: 40px !important;padding-top: 50px !important;padding-bottom: 50px !important;background-color: #eeeeee !important;}&#8221;][vc_column css=&#8221;.vc_custom_1522939985761{margin-top: 0px !important;padding-top: 0px !important;}&#8221;][vc_custom_heading text=&#8221;Servizi&#8221; font_container=&#8221;tag:h2|text_align:center|color:%23252c44&#8243; use_theme_fonts=&#8221;yes&#8221; css=&#8221;.vc_custom_1495804706868{margin-bottom: 30px !important;}&#8221;][vc_row_inner equal_height=&#8221;yes&#8221; el_class=&#8221;services&#8221; css=&#8221;.vc_custom_1495804932298{margin-top: 10px !important;}&#8221;][vc_column_inner width=&#8221;1\/12&#8243; offset=&#8221;vc_hidden-sm vc_hidden-xs&#8221;][\/vc_column_inner][vc_column_inner width=&#8221;1\/3&#8243; offset=&#8221;vc_col-lg-2 vc_col-md-2 vc_col-xs-4&#8243;][vc_single_image image=&#8221;1795&#8243; img_size=&#8221;full&#8221; alignment=&#8221;center&#8221;][vc_column_text]\r\n<p style=\"text-align: center;\">CENTRO DI ROMA<\/p>\r\n[\/vc_column_text][\/vc_column_inner][vc_column_inner width=&#8221;1\/3&#8243; offset=&#8221;vc_col-lg-2 vc_col-md-2 vc_col-xs-4&#8243;][vc_single_image image=&#8221;1793&#8243; img_size=&#8221;full&#8221; alignment=&#8221;center&#8221;][vc_column_text]\r\n<p style=\"text-align: center;\">FREE WIFI<\/p>\r\n[\/vc_column_text][\/vc_column_inner][vc_column_inner width=&#8221;1\/3&#8243; offset=&#8221;vc_col-lg-2 vc_col-md-2 vc_col-xs-4&#8243;][vc_single_image image=&#8221;1823&#8243; img_size=&#8221;full&#8221; alignment=&#8221;center&#8221;][vc_column_text]\r\n<p style=\"text-align: center;\">BAGNO TURCO<\/p>\r\n[\/vc_column_text][\/vc_column_inner][vc_column_inner width=&#8221;1\/2&#8243; offset=&#8221;vc_col-lg-2 vc_col-md-2 vc_col-xs-6&#8243;][vc_single_image image=&#8221;1794&#8243; img_size=&#8221;full&#8221; alignment=&#8221;center&#8221;][vc_column_text]\r\n<p style=\"text-align: center;\">ARIA CONDIZIONATA<\/p>\r\n[\/vc_column_text][\/vc_column_inner][vc_column_inner width=&#8221;1\/12&#8243; offset=&#8221;vc_col-lg-1 vc_col-md-1 vc_hidden-sm vc_hidden-xs&#8221;][\/vc_column_inner][\/vc_row_inner][vc_empty_space height=&#8221;0px&#8221; el_id=&#8221;camere&#8221; css=&#8221;.vc_custom_1522940683732{margin-top: -140px !important;margin-bottom: 140px !important;}&#8221;][\/vc_column][\/vc_row][vc_row full_width=&#8221;stretch_row&#8221; el_class=&#8221;offer-block&#8221; enable_overlay=&#8221;true&#8221; css=&#8221;.vc_custom_1522940445004{margin-bottom: 40px !important;padding-top: 50px !important;padding-bottom: 50px !important;background-color: #eeeeee !important;}&#8221;][vc_column css=&#8221;.vc_custom_1522939985761{margin-top: 0px !important;padding-top: 0px !important;}&#8221;][vc_custom_heading text=&#8221;Servizi&#8221; font_container=&#8221;tag:h2|text_align:center|color:%23252c44&#8243; use_theme_fonts=&#8221;yes&#8221; css=&#8221;.vc_custom_1591888253069{margin-bottom: 30px !important;}&#8221;][vc_row_inner equal_height=&#8221;yes&#8221; el_class=&#8221;services&#8221; css=&#8221;.vc_custom_1495804932298{margin-top: 10px !important;}&#8221;][vc_column_inner width=&#8221;1\/12&#8243; offset=&#8221;vc_hidden-sm vc_hidden-xs&#8221;][\/vc_column_inner][vc_column_inner width=&#8221;2\/12&#8243; offset=&#8221;vc_col-lg-2 vc_col-md-2 vc_col-xs-4&#8243;][vc_single_image image=&#8221;1795&#8243; img_size=&#8221;full&#8221; alignment=&#8221;center&#8221;][vc_column_text]\r\n<p style=\"text-align: center;\">CENTRO DI ROMA<\/p>\r\n[\/vc_column_text][\/vc_column_inner][vc_column_inner width=&#8221;2\/12&#8243; offset=&#8221;vc_col-lg-2 vc_col-md-2 vc_col-xs-4&#8243;][vc_single_image image=&#8221;1793&#8243; img_size=&#8221;full&#8221; alignment=&#8221;center&#8221;][vc_column_text]\r\n<p style=\"text-align: center;\">FREE WIFI<\/p>\r\n[\/vc_column_text][\/vc_column_inner][vc_column_inner width=&#8221;2\/12&#8243; offset=&#8221;vc_col-lg-2 vc_col-md-2 vc_col-xs-4&#8243;][vc_single_image image=&#8221;1796&#8243; img_size=&#8221;full&#8221; alignment=&#8221;center&#8221;][vc_column_text]\r\n<p style=\"text-align: center;\">TV SCHERMO PIATTO<\/p>\r\n[\/vc_column_text][\/vc_column_inner][vc_column_inner width=&#8221;2\/12&#8243; offset=&#8221;vc_col-lg-2 vc_col-md-2 vc_col-xs-6&#8243;][vc_single_image image=&#8221;2511&#8243; img_size=&#8221;full&#8221; alignment=&#8221;center&#8221;][vc_column_text]\r\n<p style=\"text-align: center;\">DOCCIA<\/p>\r\n[\/vc_column_text][\/vc_column_inner][vc_column_inner width=&#8221;2\/12&#8243;][vc_single_image image=&#8221;1794&#8243; img_size=&#8221;full&#8221; alignment=&#8221;center&#8221;][vc_column_text]\r\n<p style=\"text-align: center;\">ARIA CONDIZIONATA<\/p>\r\n[\/vc_column_text][\/vc_column_inner][vc_column_inner width=&#8221;1\/12&#8243;][\/vc_column_inner][\/vc_row_inner][\/vc_column][\/vc_row][vc_row gap=&#8221;30&#8243; equal_height=&#8221;yes&#8221;][vc_column width=&#8221;1\/2&#8243;][vc_column_text]<strong>A vostra disposizione<\/strong>\r\n<ul>\r\n \t<li>Mappa della citt\u00e0<\/li>\r\n \t<li>Biancheria da camera e da bagno<\/li>\r\n \t<li>Kit da bagno di cortesia<\/li>\r\n \t<li>Asciugacapelli<\/li>\r\n \t<li>Bollitore con t\u00e8, caff\u00e8 e tisane<\/li>\r\n \t<li>Pulizia giornaliera della camera<\/li>\r\n \t<li>Ricambio biancheria ogni 3 giorni, asciugamani su richiesta<\/li>\r\n<\/ul>\r\n[\/vc_column_text][\/vc_column][vc_column width=&#8221;1\/2&#8243;][vc_column_text]<strong>Su richiesta<\/strong>\r\n<ul>\r\n \t<li>Transfer da e per l\u2019aeroporto<\/li>\r\n \t<li>Biglietti ai musei<\/li>\r\n \t<li>Lettino (solo per alcune camere)<\/li>\r\n \t<li>Sorprese e regali per compleanni e anniversari \u2013 disponibilit\u00e0 da verificare in anticipo<\/li>\r\n<\/ul>\r\n[\/vc_column_text][\/vc_column][\/vc_row][vc_row gap=&#8221;30&#8243;][vc_column width=&#8221;1\/2&#8243;][vc_single_image image=&#8221;2459&#8243; img_size=&#8221;full&#8221;][\/vc_column][vc_column width=&#8221;1\/2&#8243;][vc_column_text]<strong>Reception<\/strong>\r\n<ul>\r\n \t<li>Il check in automatico \u00e8 disponibile a partire dalle 14.00<\/li>\r\n \t<li>Check-out entro le 10.00<\/li>\r\n \t<li>Per maggiori dettagli, consigliamo a tutti i nostri ospiti di contattarci per e-mail prima dell\u2019arrivo ad info@casaheberart.com<\/li>\r\n<\/ul>\r\n[\/vc_column_text][vc_empty_space height=&#8221;0px&#8221; el_id=&#8221;camere&#8221; css=&#8221;.vc_custom_1592559615839{margin-top: -140px !important;margin-bottom: 140px !important;}&#8221;][\/vc_column][\/vc_row][vc_row full_width=&#8221;stretch_row_content&#8221; el_class=&#8221;offer-block therow&#8221; enable_overlay=&#8221;true&#8221; css=&#8221;.vc_custom_1591886975052{margin-bottom: 40px !important;padding-right: 20% !important;padding-left: 20% !important;}&#8221;][vc_column css=&#8221;.vc_custom_1522942928747{margin-top: 10px !important;padding-top: 0px !important;}&#8221;][vc_empty_space height=&#8221;65px&#8221;][vc_custom_heading text=&#8221;Le Camere&#8221; font_container=&#8221;tag:h2|font_size:50px|text_align:center|color:%23252c44&#8243; use_theme_fonts=&#8221;yes&#8221; css=&#8221;.vc_custom_1591888262941{margin-bottom: 20px !important;}&#8221;][vc_empty_space][\/vc_column][\/vc_row][vc_row full_width=&#8221;stretch_row_content&#8221; gap=&#8221;35&#8243; css=&#8221;.vc_custom_1592233665127{padding-right: 20% !important;padding-left: 20% !important;}&#8221;][vc_column width=&#8221;1\/2&#8243;][vc_custom_heading text=&#8221;Camera matrimoniale standard&#8221; font_container=&#8221;tag:h3|text_align:left|color:%23252c44&#8243; use_theme_fonts=&#8221;yes&#8221; css=&#8221;.vc_custom_1591888280525{margin-bottom: 15px !important;}&#8221;][vc_column_text]Le Camere Matrimoniali Standard di 9 mq offrono un comodo letto matrimoniale di 160 cm di larghezza.\r\nLe camere sono dotate di tutto il necessario, dal televisore a schermo piatto, al bollitore per bevande calde, ad un ripostiglio pratico.\r\nIl bagno privato \u00e8 esterno, situato all\u2019interno dell\u2019appartamento, accessibile dal corridoio.\r\nOspita una comoda doccia, WC, bidet, scalda salviette, asciugacapelli.\r\nUna delle camere offre la possibilit\u00e0 di sauna\/bagno turco \u2013 su prenotazione e a pagamento.\r\n\r\n<b>CARATTERISTICHE:<\/b>\r\n<ul>\r\n \t<li>Ampiezza: 9 mq<\/li>\r\n \t<li>Bagno privato esterno<\/li>\r\n \t<li>Zona: Spagna<\/li>\r\n \t<li>Camera climatizzata<\/li>\r\n \t<li>1 letto matrimoniale<\/li>\r\n \t<li>Bagno privato esterno<\/li>\r\n \t<li>WiFi disponibile in tutte le camere<\/li>\r\n<\/ul>\r\n[\/vc_column_text][\/vc_column][vc_column width=&#8221;1\/2&#8243;][vc_gallery type=&#8221;nivo&#8221; interval=&#8221;3&#8243; images=&#8221;2176,1899,1897,1896&#8243; img_size=&#8221;full&#8221;][\/vc_column][\/vc_row][vc_row full_width=&#8221;stretch_row_content&#8221; gap=&#8221;35&#8243; css=&#8221;.vc_custom_1592233678919{padding-right: 20% !important;padding-left: 20% !important;}&#8221;][vc_column width=&#8221;1\/2&#8243;][vc_gallery type=&#8221;nivo&#8221; interval=&#8221;3&#8243; images=&#8221;1903,1902,1901,1900&#8243; img_size=&#8221;full&#8221;][\/vc_column][vc_column width=&#8221;1\/2&#8243;][vc_custom_heading text=&#8221;Camera doppia comfort&#8221; font_container=&#8221;tag:h3|text_align:left|color:%23252c44&#8243; use_theme_fonts=&#8221;yes&#8221; css=&#8221;.vc_custom_1513351417433{margin-bottom: 15px !important;}&#8221;][vc_column_text]La Camera Doppia Comfort \u00e8 di e 15 mq ospita un letto matrimoniale di 180 cm di larghezza, oppure due letti singoli con la possibilit\u00e0 di aggiungere il terzo letto. La camera \u00e8 dotata di televisore a schermo piatto, bollitore, guardaroba.\r\nLa camera gode di un ottimo doppio affaccio, uno sulla prestigiosa Via Due Macelli, l\u2019altro sulla pi\u00f9 interna Via di Capo le Case.\r\nIl bagno privato \u00e8 esterno, situato all\u2019interno dell\u2019appartamento, accessibile dal corridoio.\r\nOspita una comoda doccia, WC, bidet, scalda salviette, asciugacapelli.\r\n\r\n<b>CARATTERISTICHE:<\/b>\r\n<ul>\r\n \t<li>Ampiezza: 15 mq<\/li>\r\n \t<li>Bagno privato esterno<\/li>\r\n \t<li>Zona: Spagna<\/li>\r\n \t<li>Camera climatizzata<\/li>\r\n \t<li>1 letto matrimoniale ed un singolo, o tre letti singoli<\/li>\r\n \t<li>WiFi disponibile in tutte le camere<\/li>\r\n<\/ul>\r\n[\/vc_column_text][\/vc_column][\/vc_row][vc_row full_width=&#8221;stretch_row_content&#8221; gap=&#8221;35&#8243; el_class=&#8221;offer-block therow&#8221; enable_overlay=&#8221;true&#8221; css=&#8221;.vc_custom_1592233690221{margin-bottom: 40px !important;padding-right: 20% !important;padding-left: 20% !important;}&#8221;][vc_column width=&#8221;1\/2&#8243; css=&#8221;.vc_custom_1522942928747{margin-top: 10px !important;padding-top: 0px !important;}&#8221;][vc_custom_heading text=&#8221;Camera matrimoniale deluxe&#8221; font_container=&#8221;tag:h3|text_align:left|color:%23252c44&#8243; use_theme_fonts=&#8221;yes&#8221; css=&#8221;.vc_custom_1495803907477{margin-bottom: 15px !important;}&#8221;][vc_column_text]Le Camere Matrimoniali Deluxe di 14 e 16 mq hanno un comodo letto matrimoniale di 180 cm di larghezza, con la possibilit\u00e0 di aggiungere un terzo letto. Le camere sono dotate di televisore a schermo piatto, bollitore, guardaroba.\r\nBagno con doccia oppure doccia con vasca da bagno, WC, bidet, scalda salviette.\r\n\r\n<b>CARATTERISTICHE:<\/b>\r\n<ul>\r\n \t<li>Ampiezza: 14 e 16 mq<\/li>\r\n \t<li>Zona: Spagna<\/li>\r\n \t<li>Camera climatizzata<\/li>\r\n \t<li>1 letto matrimoniale ed un singolo, o tre letti singoli<\/li>\r\n \t<li>WiFi disponibile in tutte le camere<\/li>\r\n<\/ul>\r\n[\/vc_column_text][\/vc_column][vc_column width=&#8221;1\/2&#8243;][vc_gallery type=&#8221;nivo&#8221; interval=&#8221;3&#8243; images=&#8221;1885,1886,1887,1888,1889&#8243; img_size=&#8221;full&#8221;][vc_empty_space height=&#8221;0px&#8221; el_id=&#8221;gallery&#8221; css=&#8221;.vc_custom_1592559718487{margin-top: -140px !important;margin-bottom: 140px !important;}&#8221;][\/vc_column][\/vc_row][vc_row full_width=&#8221;stretch_row&#8221; el_class=&#8221;offer-block&#8221; enable_overlay=&#8221;true&#8221; css=&#8221;.vc_custom_1522940933052{margin-bottom: 40px !important;background-color: #eeeeee !important;}&#8221;][vc_column css=&#8221;.vc_custom_1522942833661{padding-top: 25px !important;}&#8221;][vc_custom_heading text=&#8221;Galleria fotografica&#8221; font_container=&#8221;tag:h2|text_align:center|color:%23252c44&#8243; use_theme_fonts=&#8221;yes&#8221; css=&#8221;.vc_custom_1495803931838{margin-bottom: 20px !important;}&#8221;][vc_gallery type=&#8221;image_grid&#8221; images=&#8221;1889,1888,1887,1886,1885,1899,1898,1897,1896,1903,1902,1901,1900,1905,1906,1907&#8243;][vc_empty_space height=&#8221;0px&#8221; el_id=&#8221;posizione&#8221; css=&#8221;.vc_custom_1522942577287{margin-top: -140px !important;margin-bottom: 140px !important;}&#8221;][\/vc_column][\/vc_row][vc_row full_width=&#8221;stretch_row&#8221; el_class=&#8221;offer-block&#8221; enable_overlay=&#8221;true&#8221; css=&#8221;.vc_custom_1493906145928{margin-bottom: 40px !important;}&#8221;][vc_column css=&#8221;.vc_custom_1522942881655{margin-top: 0px !important;padding-top: 0px !important;}&#8221;][vc_custom_heading text=&#8221;Come raggiungerci&#8221; font_container=&#8221;tag:h2|text_align:center|color:%23252c44&#8243; use_theme_fonts=&#8221;yes&#8221; css=&#8221;.vc_custom_1495803936338{margin-bottom: 20px !important;}&#8221;][vc_raw_html]JTNDaWZyYW1lJTIwc3JjJTNEJTIyaHR0cHMlM0ElMkYlMkZ3d3cuZ29vZ2xlLmNvbSUyRm1hcHMlMkZlbWJlZCUzRnBiJTNEJTIxMW0xOCUyMTFtMTIlMjExbTMlMjExZDE3NjUuNjc0MzA0MDY1NzUxMSUyMTJkMTIuNDg0MzgyMDEzOTgwOTQzJTIxM2Q0MS45MDM2NDM3NDE4ODQ4ODUlMjEybTMlMjExZjAlMjEyZjAlMjEzZjAlMjEzbTIlMjExaTEwMjQlMjEyaTc2OCUyMTRmMTMuMSUyMTNtMyUyMTFtMiUyMTFzMHgxMzJmNjFhYjQ2NDJkOTI5JTI1M0EweDZkY2M5MTY0MGNjNzRkODYlMjEyc0Nhc2ElMjUyMEhlYmVyYXJ0JTI1MjBHdWVzdCUyNTIwSG91c2UlMjUyMENhcG8lMjUyMGxlJTI1MjBDYXNlJTIxNWUwJTIxM20yJTIxMXNpdCUyMTJzaXQlMjE0djE2NDc2MjU1MjY3NjMlMjE1bTIlMjExc2l0JTIxMnNpdCUyMiUyMHdpZHRoJTNEJTIyMTAwJTI1JTIyJTIwaGVpZ2h0JTNEJTIyNDUwJTIyJTIwc3R5bGUlM0QlMjJib3JkZXIlM0EwJTNCJTIyJTIwYWxsb3dmdWxsc2NyZWVuJTNEJTIyJTIyJTIwbG9hZGluZyUzRCUyMmxhenklMjIlM0UlM0MlMkZpZnJhbWUlM0U=[\/vc_raw_html][vc_row_inner][vc_column_inner width=&#8221;1\/4&#8243;][vc_icon icon_fontawesome=&#8221;fa fa-plane&#8221; color=&#8221;custom&#8221; size=&#8221;lg&#8221; align=&#8221;center&#8221; custom_color=&#8221;#383272&#8243;][\/vc_column_inner][vc_column_inner width=&#8221;3\/4&#8243;][vc_custom_heading text=&#8221;Dall&#8217;aeroporto&#8221; font_container=&#8221;tag:h3|text_align:left|color:%23252c44&#8243; use_theme_fonts=&#8221;yes&#8221; css=&#8221;.vc_custom_1495803942942{margin-top: 0px !important;margin-bottom: 15px !important;border-top-width: 0px !important;padding-top: 0px !important;}&#8221;][vc_column_text]Dall\u2019aeroporto di Fiumicino prendete il treno \u201cLeonardo\u201d fino alla stazione Termini, poi la Metropolitana, Linea A per tre fermate, direzione \u201cBattistini\u201d, fino alla stazione \u201cSpagna\u201d. Dalla stazione Metro \u201cSpagna\u201d prendere Via dei Due Macelli, superata Piazza di Spagna e proseguite per 150m, poi svoltate a sinistra in Via di Capo le Case. Il portone si trova sulla destra al civico numero 18.\r\n\r\nInvece del treno Leonardo, potete prendere il bus navetta fino alla stazione Termini. Il bus \u00e8 la soluzione pi\u00f9 economica (6-7\u20ac\/persona), ma anche la pi\u00f9 lenta in tempi di percorrenza, circa 1h30\u2019 per arrivare in struttura.[\/vc_column_text][\/vc_column_inner][\/vc_row_inner][vc_row_inner][vc_column_inner width=&#8221;1\/4&#8243;][vc_icon icon_fontawesome=&#8221;fa fa-train&#8221; color=&#8221;custom&#8221; size=&#8221;lg&#8221; align=&#8221;center&#8221; custom_color=&#8221;#383272&#8243;][\/vc_column_inner][vc_column_inner width=&#8221;3\/4&#8243;][vc_custom_heading text=&#8221;Dalla stazione Termini&#8221; font_container=&#8221;tag:h3|text_align:left|color:%23252c44&#8243; use_theme_fonts=&#8221;yes&#8221; css=&#8221;.vc_custom_1495803948241{margin-top: 0px !important;margin-bottom: 15px !important;border-top-width: 0px !important;padding-top: 0px !important;}&#8221;][vc_column_text]Dalla stazione Termini, prendete la Metropolitana, Linea A per tre fermate, direzione \u201cBattistini\u201d, fino alla stazione \u201cSpagna\u201d. Dalla stazione Metro \u201cSpagna\u201d prendere Via dei Due Macelli, superata Piazza di Spagna e proseguite per 150m, poi svoltate a sinistra in Via di Capo le Case. Il portone si trova sulla destra al civico numero 18.[\/vc_column_text][\/vc_column_inner][\/vc_row_inner][vc_row_inner][vc_column_inner width=&#8221;1\/4&#8243;][vc_icon icon_fontawesome=&#8221;fa fa-taxi&#8221; color=&#8221;custom&#8221; size=&#8221;lg&#8221; align=&#8221;center&#8221; custom_color=&#8221;#383272&#8243;][\/vc_column_inner][vc_column_inner width=&#8221;3\/4&#8243;][vc_custom_heading text=&#8221;Taxi&#8221; font_container=&#8221;tag:h3|text_align:left|color:%23252c44&#8243; use_theme_fonts=&#8221;yes&#8221; css=&#8221;.vc_custom_1495803956510{margin-top: 0px !important;margin-bottom: 15px !important;border-top-width: 0px !important;padding-top: 0px !important;}&#8221;][vc_column_text]Dall\u2019aeroporto potete prendere un taxi che trovate direttamente alla hall degli arrivi.\r\nUn taxi da Fiumicino costa 48 \u20ac, mentre un taxi da Ciampino \u00e8 di 35 \u20ac.[\/vc_column_text][\/vc_column_inner][\/vc_row_inner][vc_row_inner][vc_column_inner width=&#8221;1\/4&#8243;][vc_icon icon_fontawesome=&#8221;fa fa-car&#8221; color=&#8221;custom&#8221; size=&#8221;lg&#8221; align=&#8221;center&#8221; custom_color=&#8221;#383272&#8243;][\/vc_column_inner][vc_column_inner width=&#8221;3\/4&#8243;][vc_custom_heading text=&#8221;Macchina privata&#8221; font_container=&#8221;tag:h3|text_align:left|color:%23252c44&#8243; use_theme_fonts=&#8221;yes&#8221; css=&#8221;.vc_custom_1495803962609{margin-top: 0px !important;margin-bottom: 15px !important;border-top-width: 0px !important;padding-top: 0px !important;}&#8221;][vc_column_text]Offriamo transfer agli ospiti della casa. Il nostro autista di fiducia vi attender\u00e0 all\u2019aeroporto con un cartello recante il vostro nome, e vi porter\u00e0 fino a destinazione. Il costo del transfer fino a 3 persone dai due aeroporti (Fiumicino e Ciampino) con macchina autorizzata \u00e8 di 70 \u20ac. Il costo per il minivan (4-8 persone) \u00e8 di 80 \u20ac. Nella fascia oraria dalle 21.00 alle 6.00 verr\u00e0 applicato un supplemento aggiuntivo di 10\u20ac.[\/vc_column_text][vc_custom_heading text=&#8221;Auto&#8221; font_container=&#8221;tag:h3|text_align:left|color:%23252c44&#8243; use_theme_fonts=&#8221;yes&#8221; css=&#8221;.vc_custom_1495803967976{margin-bottom: 15px !important;}&#8221;][vc_column_text]Per calcolare il percorso con l\u2019auto, si pu\u00f2 usare Google Maps (destinazione: via di Capo le Case 18)\r\nLa zona \u00e8 a traffico limitato, chiusa alle auto nei seguenti orari: 6.30 -18.00, da luned\u00ec a venerd\u00ec; 14.00 \u2013 18.00, il sabato. La dicitura \u201cVarco Attivo\u201d all\u2019ingresso della zona ZTL indica che non \u00e8 possibile accedere.\r\n\r\nIl parcheggio Ludovisi nella omonima via, fuori dallo ZTL si trova a 300 metri dalla struttura.\u00a0 E\u2019 aperto tutti i giorni dell\u2019anno a tutti gli orari, la tariffa giornaliera \u00e8 di 22\u20ac; non accettano prenotazioni ma essendo molto grande il posteggio \u00e8 assicurato.\r\n\r\nSi informa inoltre che le nostre strutture non dispongono di permessi ZTL per la clientela.[\/vc_column_text][\/vc_column_inner][\/vc_row_inner][\/vc_column][\/vc_row][vc_row full_width=&#8221;stretch_row&#8221; el_id=&#8221;custom-contact-frm&#8221; enable_overlay=&#8221;true&#8221; css=&#8221;.vc_custom_1523282786564{margin-top: 30px !important;background-image: url(http:\/\/www.casaheberart.com\/wp-content\/uploads\/2018\/04\/cont-bg.jpg?id=2241) !important;background-position: center !important;background-repeat: no-repeat !important;background-size: cover !important;}&#8221;][vc_column css=&#8221;.vc_custom_1523282804819{margin-top: 20px !important;margin-bottom: 20px !important;padding-top: 20px !important;padding-right: 20px !important;padding-bottom: 20px !important;padding-left: 20px !important;background-color: rgba(255,255,255,0.85) !important;*background-color: rgb(255,255,255) !important;}&#8221;][vc_column_text]\r\n<p style=\"text-align: center;\">Per contattarci compila il seguente modulo, ti risponderemo al pi\u00f9 presto!\r\nIn alternativa scrivici a <a href=\"mailto:info@casaheberart.com\">info@casaheberart.com<\/a>.<\/p>\r\n[\/vc_column_text]<div role=\"form\" class=\"wpcf7\" id=\"wpcf7-f87-o1\" lang=\"it-IT\" dir=\"ltr\">\n<div class=\"screen-reader-response\"><p role=\"status\" aria-live=\"polite\" aria-atomic=\"true\"><\/p> <ul><\/ul><\/div>\n<form action=\"\/it\/wp-json\/wp\/v2\/pages\/20#wpcf7-f87-o1\" method=\"post\" class=\"wpcf7-form init\" novalidate=\"novalidate\" data-status=\"init\">\n<div style=\"display: none;\">\n<input type=\"hidden\" name=\"_wpcf7\" value=\"87\" \/>\n<input type=\"hidden\" name=\"_wpcf7_version\" value=\"5.5.6\" \/>\n<input type=\"hidden\" name=\"_wpcf7_locale\" value=\"it_IT\" \/>\n<input type=\"hidden\" name=\"_wpcf7_unit_tag\" value=\"wpcf7-f87-o1\" \/>\n<input type=\"hidden\" name=\"_wpcf7_container_post\" value=\"0\" \/>\n<input type=\"hidden\" name=\"_wpcf7_posted_data_hash\" value=\"\" \/>\n<\/div>\n<div class=\"contact-form\">\n<div class=\"row\">\n<div class=\"clearfix\">\n<div class=\"col-sm-6\"><i class=\"fa fa-user\"><\/i><span class=\"wpcf7-form-control-wrap your-name\"><input type=\"text\" name=\"your-name\" value=\"\" size=\"40\" class=\"wpcf7-form-control wpcf7-text wpcf7-validates-as-required field-text\" aria-required=\"true\" aria-invalid=\"false\" placeholder=\"Nome*\" \/><\/span><\/div>\n<div class=\"col-sm-6\"><i class=\"fa fa-user\"><\/i><span class=\"wpcf7-form-control-wrap your-surname\"><input type=\"text\" name=\"your-surname\" value=\"\" size=\"40\" class=\"wpcf7-form-control wpcf7-text wpcf7-validates-as-required field-text\" aria-required=\"true\" aria-invalid=\"false\" placeholder=\"Cognome*\" \/><\/span><\/div>\n<\/div>\n<div class=\"clearfix\">\n<div class=\"col-sm-6\"><i class=\"fa fa-phone\"><\/i><span class=\"wpcf7-form-control-wrap your-tel\"><input type=\"tel\" name=\"your-tel\" value=\"\" size=\"40\" class=\"wpcf7-form-control wpcf7-text wpcf7-tel wpcf7-validates-as-required wpcf7-validates-as-tel field-text\" aria-required=\"true\" aria-invalid=\"false\" placeholder=\"Telefono*\" \/><\/span><\/div>\n<div class=\"col-sm-6\"><i class=\"fa fa-envelope\"><\/i><span class=\"wpcf7-form-control-wrap your-email\"><input type=\"email\" name=\"your-email\" value=\"\" size=\"40\" class=\"wpcf7-form-control wpcf7-text wpcf7-email wpcf7-validates-as-required wpcf7-validates-as-email field-text\" aria-required=\"true\" aria-invalid=\"false\" placeholder=\"Email*\" \/><\/span><\/div>\n<\/div>\n<div class=\"col-sm-12\"><i class=\"fa fa-edit\"><\/i><span class=\"wpcf7-form-control-wrap your-message\"><textarea name=\"your-message\" cols=\"40\" rows=\"10\" class=\"wpcf7-form-control wpcf7-textarea wpcf7-validates-as-required field-textarea\" aria-required=\"true\" aria-invalid=\"false\" placeholder=\"Messaggio*\"><\/textarea><\/span><\/div>\n<div class=\"col-sm-12\">\n\t\t\t<span class=\"wpcf7-form-control-wrap checkbox-terms\"><span class=\"wpcf7-form-control wpcf7-checkbox wpcf7-validates-as-required wpcf7-exclusive-checkbox\" id=\"psinformativa\"><span class=\"wpcf7-list-item first last\"><input type=\"checkbox\" name=\"checkbox-terms\" value=\"*\" \/><span class=\"wpcf7-list-item-label\">*<\/span><\/span><\/span><\/span>\n\t\t<\/div>\n<div class=\"col-sm-6\">\n\t\t\t<input type=\"submit\" value=\"INVIA\" class=\"wpcf7-form-control has-spinner wpcf7-submit ev-cont-it btn-gold\" \/>\n\t\t<\/div>\n<div class=\"col-sm-12\">\n<div class=\"wpcf7-response-output\" aria-hidden=\"true\"><\/div>\n<\/div>\n<\/div>\n<\/div>\n<p><script src=\"https:\/\/servizi.promoservice.com\/gdpr\/1.0\/js\/ps-gdpr-lib.js\"><\/script><br \/>\n<script src=\"https:\/\/servizi.promoservice.com\/gdpr\/1.0\/js\/ps-gdpr-init.js\" data-customer=\"casaheberart\" data-lang=\"it\" data-type=\"informativa\"><\/script><\/p>\n<\/form><\/div>[\/vc_column][\/vc_row][vc_row content_placement=&#8221;middle&#8221; disable_element=&#8221;yes&#8221;][vc_column width=&#8221;1\/4&#8243;][\/vc_column][vc_column width=&#8221;1\/4&#8243;][vc_single_image image=&#8221;2464&#8243; img_size=&#8221;full&#8221; alignment=&#8221;center&#8221;][\/vc_column][vc_column width=&#8221;2\/4&#8243;][vc_column_text]\r\n<p style=\"text-align: left;\">Casa Heberart Guest House Capo le Case<\/p>\r\nVia di Capo le Case, 18 \u2013 00187, Roma\r\n\r\nCategoria I, scia: QA\/2017\/31635\r\n\r\nCodice identificativo regionale: 9914\r\n\r\n[\/vc_column_text][\/vc_column][\/vc_row][vc_row content_placement=&#8221;middle&#8221;][vc_column width=&#8221;1\/4&#8243;][\/vc_column][vc_column width=&#8221;1\/2&#8243;][vc_column_text]\r\n<p style=\"text-align: left;\">Casa Heberart Guest House Capo le Case\r\nVia di Capo le Case, 18 \u2013 00187, Roma<\/p>\r\nSCIA QA\/2017\/31635\r\nCIR: 058091-AFF-01711\r\nCIN: IT058091B4JLNWNNJD[\/vc_column_text][\/vc_column][vc_column width=&#8221;1\/4&#8243;][\/vc_column][\/vc_row][vc_column][\/vc_column]","protected":false},"excerpt":{"rendered":"[vc_row][vc_column][rev_slider_vc alias=&#8221;capo-le-case-banner&#8221;][vc_empty_space height=&#8221;0px&#8221; el_id=&#8221;offerte&#8221; css=&#8221;.vc_custom_1522940409795{margin-top: -140px !important;margin-bottom: 140px !important;}&#8221;][\/vc_column][\/vc_row][vc_row full_width=&#8221;stretch_row&#8221; css=&#8221;.vc_custom_1647602813933{margin-top: 0px !important;margin-bottom: 0px !important;border-top-width: 0px !important;border-bottom-width: 0px !important;padding-top: 0px !important;padding-bottom: 0px !important;background-color: #003581 !important;}&#8221;][vc_column css=&#8221;.vc_custom_1563795091819{margin-top: 0px !important;margin-bottom: 0px !important;border-top-width: 0px !important;border-bottom-width: 0px !important;padding-top: 10px !important;padding-bottom: 0px !important;}&#8221;][vc_raw_html]JTNDc2NyaXB0JTIwdHlwZSUzRCUyMnRleHQlMkZqYXZhc2NyaXB0JTIyJTIwc3JjJTNEJTIyaHR0cHMlM0ElMkYlMkZyZXN4Lm9jdG9yYXRlLmNvbSUyRm9jdG9ib29rJTJGcmVzb3VyY2VzJTJGd2lkZ2V0JTJGanMlMkZmb3JtLmpzJTIyJTIwZGF0YS1zaXRla2V5JTNEJTIyYTI4YmRjNjk3NzM1OWFlZDUyY2E1MDcyNmYwZmQwNWYlMjIlM0UlM0MlMkZzY3JpcHQlM0U=[\/vc_raw_html][\/vc_column][\/vc_row][vc_row full_width=&#8221;stretch_row_content&#8221; equal_height=&#8221;yes&#8221; content_placement=&#8221;middle&#8221; el_class=&#8221;offer-block therow&#8221; enable_overlay=&#8221;true&#8221; css=&#8221;.vc_custom_1522939673462{margin-bottom: 0px !important;padding-right: 20% !important;padding-left: 20% !important;}&#8221;][vc_column offset=&#8221;vc_col-lg-8 vc_col-md-6 vc_col-xs-12&#8243;][vc_custom_heading text=&#8221;Capo [&hellip;]","protected":false},"author":14,"featured_media":0,"parent":0,"menu_order":0,"comment_status":"closed","ping_status":"closed","template":"","meta":[],"yoast_head":"<!-- This site is optimized with the Yoast SEO plugin v18.3 - https:\/\/yoast.com\/wordpress\/plugins\/seo\/ -->\n<title>B&amp;B affittacamere in centro a Roma zona &quot;Spagna&quot;. Alloggi brevi periodi<\/title>\n<meta name=\"description\" content=\"Guest House in centro a Roma, vicina ai musei e alle vie dello shopping. Ben collegato con i mezzi - metro Spagna oppure Barberini\" \/>\n<meta name=\"robots\" content=\"index, follow, max-snippet:-1, max-image-preview:large, max-video-preview:-1\" \/>\n<link rel=\"canonical\" href=\"https:\/\/www.casaheberart.com\/it\/capo-le-case\/\" \/>\n<meta property=\"og:locale\" content=\"it_IT\" \/>\n<meta property=\"og:type\" content=\"article\" \/>\n<meta property=\"og:title\" content=\"B&amp;B affittacamere in centro a Roma zona &quot;Spagna&quot;. Alloggi brevi periodi\" \/>\n<meta property=\"og:description\" content=\"Guest House in centro a Roma, vicina ai musei e alle vie dello shopping. Ben collegato con i mezzi - metro Spagna oppure Barberini\" \/>\n<meta property=\"og:url\" content=\"https:\/\/www.casaheberart.com\/it\/capo-le-case\/\" \/>\n<meta property=\"og:site_name\" content=\"Heberart House\" \/>\n<meta property=\"article:modified_time\" content=\"2025-02-06T16:31:27+00:00\" \/>\n<meta name=\"twitter:card\" content=\"summary\" \/>\n<meta name=\"twitter:label1\" content=\"Tempo di lettura stimato\" \/>\n\t<meta name=\"twitter:data1\" content=\"9 minuti\" \/>\n<script type=\"application\/ld+json\" class=\"yoast-schema-graph\">{\"@context\":\"https:\/\/schema.org\",\"@graph\":[{\"@type\":\"WebSite\",\"@id\":\"https:\/\/www.casaheberart.com\/it\/#website\",\"url\":\"https:\/\/www.casaheberart.com\/it\/\",\"name\":\"Heberart House\",\"description\":\"ROMA\",\"potentialAction\":[{\"@type\":\"SearchAction\",\"target\":{\"@type\":\"EntryPoint\",\"urlTemplate\":\"https:\/\/www.casaheberart.com\/it\/?s={search_term_string}\"},\"query-input\":\"required name=search_term_string\"}],\"inLanguage\":\"it-IT\"},{\"@type\":\"WebPage\",\"@id\":\"https:\/\/www.casaheberart.com\/it\/capo-le-case\/#webpage\",\"url\":\"https:\/\/www.casaheberart.com\/it\/capo-le-case\/\",\"name\":\"B&B affittacamere in centro a Roma zona \\\"Spagna\\\". Alloggi brevi periodi\",\"isPartOf\":{\"@id\":\"https:\/\/www.casaheberart.com\/it\/#website\"},\"datePublished\":\"2016-11-04T14:28:27+00:00\",\"dateModified\":\"2025-02-06T16:31:27+00:00\",\"description\":\"Guest House in centro a Roma, vicina ai musei e alle vie dello shopping. Ben collegato con i mezzi - metro Spagna oppure Barberini\",\"breadcrumb\":{\"@id\":\"https:\/\/www.casaheberart.com\/it\/capo-le-case\/#breadcrumb\"},\"inLanguage\":\"it-IT\",\"potentialAction\":[{\"@type\":\"ReadAction\",\"target\":[\"https:\/\/www.casaheberart.com\/it\/capo-le-case\/\"]}]},{\"@type\":\"BreadcrumbList\",\"@id\":\"https:\/\/www.casaheberart.com\/it\/capo-le-case\/#breadcrumb\",\"itemListElement\":[{\"@type\":\"ListItem\",\"position\":1,\"name\":\"Home\",\"item\":\"https:\/\/www.casaheberart.com\/it\/\"},{\"@type\":\"ListItem\",\"position\":2,\"name\":\"Capo Le Case\"}]}]}<\/script>\n<!-- \/ Yoast SEO plugin. -->","yoast_head_json":{"title":"B&B affittacamere in centro a Roma zona \"Spagna\". Alloggi brevi periodi","description":"Guest House in centro a Roma, vicina ai musei e alle vie dello shopping. Ben collegato con i mezzi - metro Spagna oppure Barberini","robots":{"index":"index","follow":"follow","max-snippet":"max-snippet:-1","max-image-preview":"max-image-preview:large","max-video-preview":"max-video-preview:-1"},"canonical":"https:\/\/www.casaheberart.com\/it\/capo-le-case\/","og_locale":"it_IT","og_type":"article","og_title":"B&B affittacamere in centro a Roma zona \"Spagna\". Alloggi brevi periodi","og_description":"Guest House in centro a Roma, vicina ai musei e alle vie dello shopping. Ben collegato con i mezzi - metro Spagna oppure Barberini","og_url":"https:\/\/www.casaheberart.com\/it\/capo-le-case\/","og_site_name":"Heberart House","article_modified_time":"2025-02-06T16:31:27+00:00","twitter_card":"summary","twitter_misc":{"Tempo di lettura stimato":"9 minuti"},"schema":{"@context":"https:\/\/schema.org","@graph":[{"@type":"WebSite","@id":"https:\/\/www.casaheberart.com\/it\/#website","url":"https:\/\/www.casaheberart.com\/it\/","name":"Heberart House","description":"ROMA","potentialAction":[{"@type":"SearchAction","target":{"@type":"EntryPoint","urlTemplate":"https:\/\/www.casaheberart.com\/it\/?s={search_term_string}"},"query-input":"required name=search_term_string"}],"inLanguage":"it-IT"},{"@type":"WebPage","@id":"https:\/\/www.casaheberart.com\/it\/capo-le-case\/#webpage","url":"https:\/\/www.casaheberart.com\/it\/capo-le-case\/","name":"B&B affittacamere in centro a Roma zona \"Spagna\". Alloggi brevi periodi","isPartOf":{"@id":"https:\/\/www.casaheberart.com\/it\/#website"},"datePublished":"2016-11-04T14:28:27+00:00","dateModified":"2025-02-06T16:31:27+00:00","description":"Guest House in centro a Roma, vicina ai musei e alle vie dello shopping. Ben collegato con i mezzi - metro Spagna oppure Barberini","breadcrumb":{"@id":"https:\/\/www.casaheberart.com\/it\/capo-le-case\/#breadcrumb"},"inLanguage":"it-IT","potentialAction":[{"@type":"ReadAction","target":["https:\/\/www.casaheberart.com\/it\/capo-le-case\/"]}]},{"@type":"BreadcrumbList","@id":"https:\/\/www.casaheberart.com\/it\/capo-le-case\/#breadcrumb","itemListElement":[{"@type":"ListItem","position":1,"name":"Home","item":"https:\/\/www.casaheberart.com\/it\/"},{"@type":"ListItem","position":2,"name":"Capo Le Case"}]}]}},"_links":{"self":[{"href":"https:\/\/www.casaheberart.com\/it\/wp-json\/wp\/v2\/pages\/20"}],"collection":[{"href":"https:\/\/www.casaheberart.com\/it\/wp-json\/wp\/v2\/pages"}],"about":[{"href":"https:\/\/www.casaheberart.com\/it\/wp-json\/wp\/v2\/types\/page"}],"author":[{"embeddable":true,"href":"https:\/\/www.casaheberart.com\/it\/wp-json\/wp\/v2\/users\/14"}],"replies":[{"embeddable":true,"href":"https:\/\/www.casaheberart.com\/it\/wp-json\/wp\/v2\/comments?post=20"}],"version-history":[{"count":242,"href":"https:\/\/www.casaheberart.com\/it\/wp-json\/wp\/v2\/pages\/20\/revisions"}],"predecessor-version":[{"id":2941,"href":"https:\/\/www.casaheberart.com\/it\/wp-json\/wp\/v2\/pages\/20\/revisions\/2941"}],"wp:attachment":[{"href":"https:\/\/www.casaheberart.com\/it\/wp-json\/wp\/v2\/media?parent=20"}],"curies":[{"name":"wp","href":"https:\/\/api.w.org\/{rel}","templated":true}]}}