

{"id":20,"date":"2016-11-04T15:28:27","date_gmt":"2016-11-04T14:28:27","guid":{"rendered":"http:\/\/holidaytorbole.it\/?page_id=20"},"modified":"2025-02-06T17:31:27","modified_gmt":"2025-02-06T16:31:27","slug":"capo-le-case","status":"publish","type":"page","link":"https:\/\/www.casaheberart.com\/fr\/capo-le-case\/","title":{"rendered":"Capo Le Case"},"content":{"rendered":"[vc_row][vc_column][rev_slider_vc alias=\u00a0\u00bbcapo-le-case-banner\u00a0\u00bb][vc_empty_space height=\u00a0\u00bb0px\u00a0\u00bb el_id=\u00a0\u00bbofferte\u00a0\u00bb css=\u00a0\u00bb.vc_custom_1522940409795{margin-top: -140px !important;margin-bottom: 140px !important;}\u00a0\u00bb][\/vc_column][\/vc_row][vc_row full_width=\u00a0\u00bbstretch_row\u00a0\u00bb css=\u00a0\u00bb.vc_custom_1563795076124{margin-top: 0px !important;margin-bottom: 0px !important;border-top-width: 0px !important;border-bottom-width: 0px !important;padding-top: 0px !important;padding-bottom: 0px !important;background-color: #003581 !important;}\u00a0\u00bb][vc_column css=\u00a0\u00bb.vc_custom_1563795091819{margin-top: 0px !important;margin-bottom: 0px !important;border-top-width: 0px !important;border-bottom-width: 0px !important;padding-top: 10px !important;padding-bottom: 0px !important;}\u00a0\u00bb][vc_raw_html]JTNDc2NyaXB0JTIwdHlwZSUzRCUyMnRleHQlMkZqYXZhc2NyaXB0JTIyJTIwc3JjJTNEJTIyaHR0cHMlM0ElMkYlMkZyZXN4Lm9jdG9yYXRlLmNvbSUyRm9jdG9ib29rJTJGcmVzb3VyY2VzJTJGd2lkZ2V0JTJGanMlMkZmb3JtLmpzJTIyJTIwZGF0YS1zaXRla2V5JTNEJTIyYTI4YmRjNjk3NzM1OWFlZDUyY2E1MDcyNmYwZmQwNWYlMjIlM0UlM0MlMkZzY3JpcHQlM0U=[\/vc_raw_html][\/vc_column][\/vc_row][vc_row full_width=\u00a0\u00bbstretch_row_content\u00a0\u00bb equal_height=\u00a0\u00bbyes\u00a0\u00bb content_placement=\u00a0\u00bbmiddle\u00a0\u00bb el_class=\u00a0\u00bboffer-block therow\u00a0\u00bb enable_overlay=\u00a0\u00bbtrue\u00a0\u00bb css=\u00a0\u00bb.vc_custom_1522939673462{margin-bottom: 0px !important;padding-right: 20% !important;padding-left: 20% !important;}\u00a0\u00bb][vc_column offset=\u00a0\u00bbvc_col-lg-8 vc_col-md-6 vc_col-xs-12&Prime;][vc_custom_heading text=\u00a0\u00bbCapo Le Case\u00a0\u00bb font_container=\u00a0\u00bbtag:h1|text_align:center|color:%23212121&Prime; use_theme_fonts=\u00a0\u00bbyes\u00a0\u00bb css=\u00a0\u00bb.vc_custom_1513352841476{margin-bottom: 20px !important;}\u00a0\u00bb][vc_column_text]Elle est situ\u00e9e en plein c\u0153ur du centre historique de Rome, juste \u00e0 5 minutes \u00e0 pied de fontaine de Trevi et \u00e0 200 m des stations de m\u00e9tro de Piazza Barberini et de Place d\u2019Espagne. Dans cette quartier, vous trouverez \u00e9galement les rues commer\u00e7antes les plus c\u00e9l\u00e8bres avec une s\u00e9lection de marques. Au premier \u00e9tage d\u2019un immeuble \u00e9l\u00e9gant, la Guest House est situ\u00e9e dans un appartement \u00e9l\u00e9gant et confortable, meubl\u00e9 avec des antiquit\u00e9s et des tissus de valeur. Toutes les chambres ont une t\u00e9l\u00e9vision avec cha\u00eenes c\u00e2bl\u00e9es et un bouilloire \u00e9lectrique. S\u00e9journer dans notre Guest House de Capo le Case c\u2019est un bon choix pour les amateurs de visites, de la bonne cuisine, de la culture et du shopping. Vous y trouverez des marques telles que Cartier, Gucci, Prada, Burberry, Zara, H &amp; M et Nike. Ce quartier de Rome est tr\u00e8s favori de nos clients, selon les critiques ind\u00e9pendantes.[\/vc_column_text][\/vc_column][vc_column css=\u00a0\u00bb.vc_custom_1522940171820{padding-top: 25px !important;padding-right: 25px !important;padding-bottom: 25px !important;padding-left: 25px !important;background-color: #252c44 !important;}\u00a0\u00bb el_class=\u00a0\u00bbwhitefont\u00a0\u00bb offset=\u00a0\u00bbvc_col-lg-4 vc_col-md-6 vc_col-xs-12&Prime;][vc_custom_heading text=\u00a0\u00bbR\u00e9servation en ligne \u00a0\u00bb font_container=\u00a0\u00bbtag:h2|text_align:left|color:%23ffffff\u00a0\u00bb use_theme_fonts=\u00a0\u00bbyes\u00a0\u00bb css=\u00a0\u00bb.vc_custom_1524133466645{margin-bottom: 20px !important;}\u00a0\u00bb][vc_column_text]Pourquoi r\u00e9server sur notre site?\r\n\r\n<i class=\"fa fa-check-circle\"><\/i> Meilleurs tarifs garantis r\u00e9servation directe,\r\n<i class=\"fa fa-check-circle\"><\/i> pas de frais\r\nPour r\u00e9server, s\u00e9lectionnez le nom de la Maison \u00e0 l\u2019int\u00e9rieur de la banni\u00e8re jaune \u2013 Sistina ou Capo le Case, aux dates et nombre d\u2019invit\u00e9s.\r\nPour l\u2019aide et l\u2019assistance, vous pouvez nous contacter directement sur : 0039 06 42014107 ou nous \u00e9crire \u00e0 : info@casaheberart.com.[\/vc_column_text][vc_empty_space height=\u00a0\u00bb0px\u00a0\u00bb el_id=\u00a0\u00bbservizi\u00a0\u00bb css=\u00a0\u00bb.vc_custom_1522940449484{margin-top: -140px !important;margin-bottom: 140px !important;}\u00a0\u00bb][\/vc_column][\/vc_row][vc_row full_width=\u00a0\u00bbstretch_row\u00a0\u00bb el_class=\u00a0\u00bboffer-block\u00a0\u00bb enable_overlay=\u00a0\u00bbtrue\u00a0\u00bb css=\u00a0\u00bb.vc_custom_1522940445004{margin-bottom: 40px !important;padding-top: 50px !important;padding-bottom: 50px !important;background-color: #eeeeee !important;}\u00a0\u00bb][vc_column css=\u00a0\u00bb.vc_custom_1522939985761{margin-top: 0px !important;padding-top: 0px !important;}\u00a0\u00bb][vc_custom_heading text=\u00a0\u00bbServices\u00a0\u00bb font_container=\u00a0\u00bbtag:h2|text_align:center|color:%23252c44&Prime; use_theme_fonts=\u00a0\u00bbyes\u00a0\u00bb css=\u00a0\u00bb.vc_custom_1524133508156{margin-bottom: 30px !important;}\u00a0\u00bb][vc_row_inner equal_height=\u00a0\u00bbyes\u00a0\u00bb el_class=\u00a0\u00bbservices\u00a0\u00bb css=\u00a0\u00bb.vc_custom_1495804932298{margin-top: 10px !important;}\u00a0\u00bb][vc_column_inner width=\u00a0\u00bb1\/12&Prime; offset=\u00a0\u00bbvc_hidden-sm vc_hidden-xs\u00a0\u00bb][\/vc_column_inner][vc_column_inner width=\u00a0\u00bb1\/3&Prime; offset=\u00a0\u00bbvc_col-lg-2 vc_col-md-2 vc_col-xs-4&Prime;][vc_single_image image=\u00a0\u00bb1795&Prime; img_size=\u00a0\u00bbfull\u00a0\u00bb alignment=\u00a0\u00bbcenter\u00a0\u00bb][vc_column_text]\r\n<p style=\"text-align: center;\">CENTRE DE ROME<\/p>\r\n[\/vc_column_text][\/vc_column_inner][vc_column_inner width=\u00a0\u00bb1\/3&Prime; offset=\u00a0\u00bbvc_col-lg-2 vc_col-md-2 vc_col-xs-4&Prime;][vc_single_image image=\u00a0\u00bb1793&Prime; img_size=\u00a0\u00bbfull\u00a0\u00bb alignment=\u00a0\u00bbcenter\u00a0\u00bb][vc_column_text]\r\n<p style=\"text-align: center;\">FREE WIFI<\/p>\r\n[\/vc_column_text][\/vc_column_inner][vc_column_inner width=\u00a0\u00bb1\/3&Prime; offset=\u00a0\u00bbvc_col-lg-2 vc_col-md-2 vc_col-xs-4&Prime;][vc_single_image image=\u00a0\u00bb1823&Prime; img_size=\u00a0\u00bbfull\u00a0\u00bb alignment=\u00a0\u00bbcenter\u00a0\u00bb][vc_column_text]\r\n<p style=\"text-align: center;\">BAIN TURC<\/p>\r\n[\/vc_column_text][\/vc_column_inner][vc_column_inner width=\u00a0\u00bb1\/2&Prime; offset=\u00a0\u00bbvc_col-lg-2 vc_col-md-2 vc_col-xs-6&Prime;][vc_single_image image=\u00a0\u00bb1794&Prime; img_size=\u00a0\u00bbfull\u00a0\u00bb alignment=\u00a0\u00bbcenter\u00a0\u00bb][vc_column_text]\r\n<p style=\"text-align: center;\">CLIMATISATION<\/p>\r\n[\/vc_column_text][\/vc_column_inner][vc_column_inner width=\u00a0\u00bb1\/12&Prime; offset=\u00a0\u00bbvc_col-lg-1 vc_col-md-1 vc_hidden-sm vc_hidden-xs\u00a0\u00bb][\/vc_column_inner][\/vc_row_inner][vc_empty_space height=\u00a0\u00bb0px\u00a0\u00bb el_id=\u00a0\u00bbcamere\u00a0\u00bb css=\u00a0\u00bb.vc_custom_1522940683732{margin-top: -140px !important;margin-bottom: 140px !important;}\u00a0\u00bb][\/vc_column][\/vc_row][vc_row gap=\u00a0\u00bb30&Prime; equal_height=\u00a0\u00bbyes\u00a0\u00bb][vc_column width=\u00a0\u00bb1\/2&Prime;][vc_column_text]<strong>A Votre disposition<\/strong>\r\n<ul>\r\n \t<li style=\"list-style-type: none;\">\r\n<ul>\r\n \t<li>Plan de la ville<\/li>\r\n \t<li>Draps et serviettes<\/li>\r\n \t<li>Kit de toilette de courtoisie<\/li>\r\n \t<li>S\u00e8che-cheveux<\/li>\r\n \t<li>Bouilloire avec th\u00e9, caf\u00e9 et tisanes<\/li>\r\n \t<li>Nettoyage quotidien de la chambre<\/li>\r\n \t<li>Changement de linge tous les 3 jours, serviettes sur demande<\/li>\r\n<\/ul>\r\n<\/li>\r\n<\/ul>\r\n[\/vc_column_text][\/vc_column][vc_column width=\u00a0\u00bb1\/2&Prime;][vc_column_text]<strong>Sur demand<\/strong>\r\n<ul>\r\n \t<li>Transfert depuis et vers l&rsquo;a\u00e9roport<\/li>\r\n \t<li>Billets pour les mus\u00e9es<\/li>\r\n \t<li>Lit b\u00e9b\u00e9 (uniquement pour certaines chambres)<\/li>\r\n \t<li>Surprises et cadeaux pour les anniversaires et les anniversaires &#8211; disponibilit\u00e9 \u00e0 v\u00e9rifier \u00e0 l&rsquo;avance<\/li>\r\n<\/ul>\r\n[\/vc_column_text][\/vc_column][\/vc_row][vc_row gap=\u00a0\u00bb30&Prime;][vc_column width=\u00a0\u00bb1\/2&Prime;][vc_single_image image=\u00a0\u00bb2459&Prime; img_size=\u00a0\u00bbfull\u00a0\u00bb][\/vc_column][vc_column width=\u00a0\u00bb1\/2&Prime;][vc_column_text]<strong>Accueil<\/strong>\r\n<ul>\r\n \t<li>L&rsquo;enregistrement automatique est disponible \u00e0 partir de 14h00<\/li>\r\n \t<li>D\u00e9part avant 10h00<\/li>\r\n \t<li>Pour plus de d\u00e9tails, nous recommandons \u00e0 tous nos clients de nous contacter par email avant l&rsquo;arriv\u00e9e \u00e0 info@casaheberart.com<\/li>\r\n<\/ul>\r\n[\/vc_column_text][vc_empty_space height=\u00a0\u00bb0px\u00a0\u00bb el_id=\u00a0\u00bbcamere\u00a0\u00bb css=\u00a0\u00bb.vc_custom_1592559615839{margin-top: -140px !important;margin-bottom: 140px !important;}\u00a0\u00bb][\/vc_column][\/vc_row][vc_row][vc_column][vc_column_text]\r\n\r\n[\/vc_column_text][\/vc_column][\/vc_row][vc_row full_width=\u00a0\u00bbstretch_row_content\u00a0\u00bb el_class=\u00a0\u00bboffer-block therow\u00a0\u00bb enable_overlay=\u00a0\u00bbtrue\u00a0\u00bb css=\u00a0\u00bb.vc_custom_1522940677325{margin-bottom: 40px !important;padding-right: 20% !important;padding-left: 20% !important;}\u00a0\u00bb][vc_column css=\u00a0\u00bb.vc_custom_1522942928747{margin-top: 10px !important;padding-top: 0px !important;}\u00a0\u00bb][vc_custom_heading text=\u00a0\u00bbLes chambres\u00a0\u00bb font_container=\u00a0\u00bbtag:h2|font_size:50px|text_align:center|color:%23252c44&Prime; use_theme_fonts=\u00a0\u00bbyes\u00a0\u00bb css=\u00a0\u00bb.vc_custom_1524133567013{margin-bottom: 20px !important;}\u00a0\u00bb][vc_empty_space][vc_row_inner equal_height=\u00a0\u00bbyes\u00a0\u00bb content_placement=\u00a0\u00bbtop\u00a0\u00bb][vc_column_inner offset=\u00a0\u00bbvc_col-lg-6 vc_col-md-12 vc_col-xs-12&Prime;][vc_custom_heading text=\u00a0\u00bbChambre double standard\u00a0\u00bb font_container=\u00a0\u00bbtag:h3|text_align:left|color:%23252c44&Prime; use_theme_fonts=\u00a0\u00bbyes\u00a0\u00bb css=\u00a0\u00bb.vc_custom_1524133579733{margin-bottom: 15px !important;}\u00a0\u00bb][vc_column_text]Les chambres doubles standard de 9 m\u00b2 offrent un confortable lit double de 160 cm de large.\r\nLes chambres sont \u00e9quip\u00e9es de tout ce dont vous avez besoin: de la t\u00e9l\u00e9vision \u00e0 \u00e9cran plat, au bouilloire de boissons chaudes, \u00e0 un garde-robe pratique.\r\nLa salle de bain priv\u00e9e est externe, situ\u00e9e \u00e0 l&rsquo;int\u00e9rieur de l&rsquo;appartement, le long le couloir.\r\nIl abrite une douche confortable, WC, bidet, s\u00e8che-serviettes, s\u00e8che-cheveux.\r\nUne des chambres offre la possibilit\u00e9 de sauna \/ bain turc &#8211; sur r\u00e9servation et moyennant un suppl\u00e9ment.\r\n<b>CARACT\u00c9RISTIQUES:<\/b>\r\n<ul>\r\n \t<li>Amplitude: 9 m\u00b2<\/li>\r\n \t<li>Salle de bain priv\u00e9e externe<\/li>\r\n \t<li>Zone: Place d\u2019Espagne<\/li>\r\n \t<li>Chambre climatis\u00e9e<\/li>\r\n \t<li>1 lit double<\/li>\r\n \t<li>Salle de bain priv\u00e9e externe<\/li>\r\n \t<li>WiFi disponible dans toutes les chambres<\/li>\r\n<\/ul>\r\n[\/vc_column_text][\/vc_column_inner][vc_column_inner offset=\u00a0\u00bbvc_col-lg-6 vc_col-md-12 vc_col-xs-12&Prime;][vc_gallery type=\u00a0\u00bbnivo\u00a0\u00bb interval=\u00a0\u00bb3&Prime; images=\u00a0\u00bb1898,1899,1897,1896&Prime; img_size=\u00a0\u00bbfull\u00a0\u00bb][\/vc_column_inner][\/vc_row_inner][vc_row_inner][vc_column_inner width=\u00a0\u00bb1\/2&Prime;][vc_gallery type=\u00a0\u00bbnivo\u00a0\u00bb interval=\u00a0\u00bb3&Prime; images=\u00a0\u00bb1903,1902,1901,1900&Prime; img_size=\u00a0\u00bbfull\u00a0\u00bb][\/vc_column_inner][vc_column_inner width=\u00a0\u00bb1\/2&Prime;][vc_custom_heading text=\u00a0\u00bbChambre double confort \u00a0\u00bb font_container=\u00a0\u00bbtag:h3|text_align:left|color:%23252c44&Prime; use_theme_fonts=\u00a0\u00bbyes\u00a0\u00bb css=\u00a0\u00bb.vc_custom_1524133644687{margin-bottom: 15px !important;}\u00a0\u00bb][vc_column_text]La chambre double est d\u2019environ 15 m\u00e8tres carr\u00e9s et poss\u00e8de un lit double de 180 cm de largeur, ou deux lits simples avec possibilit\u00e9 d\u2019y ajouter un troisi\u00e8me. La chambre est \u00e9quip\u00e9e d\u2019un t\u00e9l\u00e9viseur \u00e0 \u00e9cran plat, garde-robe. Le deux fen\u00eatres donnent l\u2019une sur la prestigieuse Via Due Macelli, l\u2019autre sur Via di Capo le Case. La salle de bains est \u00e0 l\u2019ext\u00e9rieur, situ\u00e9 \u00e0 l\u2019int\u00e9rieur de l\u2019appartement, dans le couloir. La salle dispose d\u2019un bidet, douche confortable, WC, s\u00e8che-serviettes, s\u00e8che-cheveux.\r\n\r\n<b>CARACT\u00c9RISTIQUES:<\/b>\r\n<ul>\r\n \t<li>Amplitude: 15 m\u00b2<\/li>\r\n \t<li>Salle de bain priv\u00e9e externe<\/li>\r\n \t<li>Zone: Place d\u2019Espagne<\/li>\r\n \t<li>Chambre climatis\u00e9e<\/li>\r\n \t<li>1 lit double et un lit simple ou trois lits simples<\/li>\r\n \t<li>Salle de bain priv\u00e9e externe<\/li>\r\n \t<li>WiFi disponible dans toutes les chambres<\/li>\r\n<\/ul>\r\n[\/vc_column_text][\/vc_column_inner][\/vc_row_inner][vc_row_inner][vc_column_inner width=\u00a0\u00bb1\/2&Prime;][vc_custom_heading text=\u00a0\u00bbChambre double deluxe\u00a0\u00bb font_container=\u00a0\u00bbtag:h3|text_align:left|color:%23252c44&Prime; use_theme_fonts=\u00a0\u00bbyes\u00a0\u00bb css=\u00a0\u00bb.vc_custom_1524133720124{margin-bottom: 15px !important;}\u00a0\u00bb][vc_column_text]Les deux chambre double deluxe, 14 et 16 m\u00b2 ont un confortable lit double de 180 cm de largeur, avec la possibilit\u00e9 d\u2019ajouter un troisi\u00e8me. Les chambres sont \u00e9quip\u00e9es d\u2019un t\u00e9l\u00e9viseur \u00e0 \u00e9cran plat, garde-robe. Salle de bain avec douche ou baignoire, WC, bidet, s\u00e8che-serviettes.\r\n\r\n<b>CARACT\u00c9RISTIQUES:<\/b>\r\n<ul>\r\n \t<li>Amplitude: 14 et 16 m\u00b2<\/li>\r\n \t<li>Salle de bain priv\u00e9e<\/li>\r\n \t<li>Zone: Place d\u2019Espagne<\/li>\r\n \t<li>Chambre climatis\u00e9e<\/li>\r\n \t<li>1 lit double et un lit simple ou trois lits simples<\/li>\r\n \t<li>WiFi disponible dans toutes les chambres<\/li>\r\n<\/ul>\r\n[\/vc_column_text][\/vc_column_inner][vc_column_inner width=\u00a0\u00bb1\/2&Prime;][vc_gallery type=\u00a0\u00bbnivo\u00a0\u00bb interval=\u00a0\u00bb3&Prime; images=\u00a0\u00bb1889,1888,1887,1886,1885&Prime; img_size=\u00a0\u00bbfull\u00a0\u00bb][\/vc_column_inner][\/vc_row_inner][vc_empty_space height=\u00a0\u00bb0px\u00a0\u00bb el_id=\u00a0\u00bbgallery\u00a0\u00bb css=\u00a0\u00bb.vc_custom_1522940937789{margin-top: -140px !important;margin-bottom: 140px !important;}\u00a0\u00bb][\/vc_column][\/vc_row][vc_row full_width=\u00a0\u00bbstretch_row\u00a0\u00bb el_class=\u00a0\u00bboffer-block\u00a0\u00bb enable_overlay=\u00a0\u00bbtrue\u00a0\u00bb css=\u00a0\u00bb.vc_custom_1522940933052{margin-bottom: 40px !important;background-color: #eeeeee !important;}\u00a0\u00bb][vc_column css=\u00a0\u00bb.vc_custom_1522942833661{padding-top: 25px !important;}\u00a0\u00bb][vc_custom_heading text=\u00a0\u00bbGalerie de photos \u00a0\u00bb font_container=\u00a0\u00bbtag:h2|text_align:center|color:%23252c44&Prime; use_theme_fonts=\u00a0\u00bbyes\u00a0\u00bb css=\u00a0\u00bb.vc_custom_1524133788636{margin-bottom: 20px !important;}\u00a0\u00bb][vc_gallery type=\u00a0\u00bbimage_grid\u00a0\u00bb images=\u00a0\u00bb1898,1899,1897,1896,1905,1906,1907,1900,1901,1902,1903,1889,1888,1887,1886,1885&Prime;][vc_empty_space height=\u00a0\u00bb0px\u00a0\u00bb el_id=\u00a0\u00bbposizione\u00a0\u00bb css=\u00a0\u00bb.vc_custom_1522942577287{margin-top: -140px !important;margin-bottom: 140px !important;}\u00a0\u00bb][\/vc_column][\/vc_row][vc_row full_width=\u00a0\u00bbstretch_row\u00a0\u00bb el_class=\u00a0\u00bboffer-block\u00a0\u00bb enable_overlay=\u00a0\u00bbtrue\u00a0\u00bb css=\u00a0\u00bb.vc_custom_1493906145928{margin-bottom: 40px !important;}\u00a0\u00bb][vc_column css=\u00a0\u00bb.vc_custom_1522942881655{margin-top: 0px !important;padding-top: 0px !important;}\u00a0\u00bb][vc_custom_heading text=\u00a0\u00bbComment nous r\u00e9joindre\u00a0\u00bb font_container=\u00a0\u00bbtag:h2|text_align:center|color:%23252c44&Prime; use_theme_fonts=\u00a0\u00bbyes\u00a0\u00bb css=\u00a0\u00bb.vc_custom_1524133797877{margin-bottom: 20px !important;}\u00a0\u00bb][vc_raw_html]JTNDaWZyYW1lJTIwc3JjJTNEJTIyaHR0cHMlM0ElMkYlMkZ3d3cuZ29vZ2xlLmNvbSUyRm1hcHMlMkZlbWJlZCUzRnBiJTNEJTIxMW0xOCUyMTFtMTIlMjExbTMlMjExZDE3NjUuNjc0MzA0MDY1NzUxMSUyMTJkMTIuNDg0MzgyMDEzOTgwOTQzJTIxM2Q0MS45MDM2NDM3NDE4ODQ4ODUlMjEybTMlMjExZjAlMjEyZjAlMjEzZjAlMjEzbTIlMjExaTEwMjQlMjEyaTc2OCUyMTRmMTMuMSUyMTNtMyUyMTFtMiUyMTFzMHgxMzJmNjFhYjQ2NDJkOTI5JTI1M0EweDZkY2M5MTY0MGNjNzRkODYlMjEyc0Nhc2ElMjUyMEhlYmVyYXJ0JTI1MjBHdWVzdCUyNTIwSG91c2UlMjUyMENhcG8lMjUyMGxlJTI1MjBDYXNlJTIxNWUwJTIxM20yJTIxMXNpdCUyMTJzaXQlMjE0djE2NDc2MjU1MjY3NjMlMjE1bTIlMjExc2l0JTIxMnNpdCUyMiUyMHdpZHRoJTNEJTIyMTAwJTI1JTIyJTIwaGVpZ2h0JTNEJTIyNDUwJTIyJTIwc3R5bGUlM0QlMjJib3JkZXIlM0EwJTNCJTIyJTIwYWxsb3dmdWxsc2NyZWVuJTNEJTIyJTIyJTIwbG9hZGluZyUzRCUyMmxhenklMjIlM0UlM0MlMkZpZnJhbWUlM0U=[\/vc_raw_html][vc_row_inner][vc_column_inner width=\u00a0\u00bb1\/4&Prime;][vc_icon icon_fontawesome=\u00a0\u00bbfa fa-plane\u00a0\u00bb color=\u00a0\u00bbcustom\u00a0\u00bb size=\u00a0\u00bblg\u00a0\u00bb align=\u00a0\u00bbcenter\u00a0\u00bb custom_color=\u00a0\u00bb#383272&Prime;][\/vc_column_inner][vc_column_inner width=\u00a0\u00bb3\/4&Prime;][vc_custom_heading text=\u00a0\u00bbDe l\u2019a\u00e9roport \u00a0\u00bb font_container=\u00a0\u00bbtag:h3|text_align:left|color:%23252c44&Prime; use_theme_fonts=\u00a0\u00bbyes\u00a0\u00bb css=\u00a0\u00bb.vc_custom_1524133803907{margin-top: 0px !important;margin-bottom: 15px !important;border-top-width: 0px !important;padding-top: 0px !important;}\u00a0\u00bb][vc_column_text]De l\u2019a\u00e9roport de Fiumicino prendre le train \u00ab Leonardo \u00bb pour Termini, le m\u00e9tro ligne A, direction \u00ab Battistini \u00bb, pour trois arr\u00eats jusqu\u2019\u00e0 la station \u00ab Spagna \u00bb. De la station du m\u00e9tro \u00ab Spagna \u00bb prendre Via dei Due Macelli, surmonter Place d\u2019Espagne et continuer pour 150 m, puis tourner \u00e0 gauche dans Via di Capo le Case. La porte de l\u2019immeuble est au num\u00e8ro 18.\r\n\r\nAu lieu du train Leonardo, vous pouvez prendre la navette jusqu&rsquo;\u00e0 la gare Termini. Le bus est la solution la moins ch\u00e8re (6-7\u20ac\/personne), mais aussi la plus lente en temps de trajet, environ 1h30&prime; pour se rendre \u00e0 la structure.[\/vc_column_text][\/vc_column_inner][\/vc_row_inner][vc_row_inner][vc_column_inner width=\u00a0\u00bb1\/4&Prime;][vc_icon icon_fontawesome=\u00a0\u00bbfa fa-train\u00a0\u00bb color=\u00a0\u00bbcustom\u00a0\u00bb size=\u00a0\u00bblg\u00a0\u00bb align=\u00a0\u00bbcenter\u00a0\u00bb custom_color=\u00a0\u00bb#383272&Prime;][\/vc_column_inner][vc_column_inner width=\u00a0\u00bb3\/4&Prime;][vc_custom_heading text=\u00a0\u00bbDe Termini\u00a0\u00bb font_container=\u00a0\u00bbtag:h3|text_align:left|color:%23252c44&Prime; use_theme_fonts=\u00a0\u00bbyes\u00a0\u00bb css=\u00a0\u00bb.vc_custom_1524133848469{margin-top: 0px !important;margin-bottom: 15px !important;border-top-width: 0px !important;padding-top: 0px !important;}\u00a0\u00bb][vc_column_text]De la gare Termini, prendre le m\u00e9tro ligne A direction \u00ab Battistini \u00bb, pour trois arr\u00eats jusqu\u2019\u00e0 la station \u00ab Spagna \u00bb. De la station du m\u00e9tro \u00ab Spagna \u00bb prendre Via dei Due Macelli, surmonter Place d\u2019Espagne et continuer pour 150 m, puis tourner \u00e0 gauche dans Via di Capo le Case. La porte de l\u2019immeuble est au num\u00e8ro 18.[\/vc_column_text][\/vc_column_inner][\/vc_row_inner][vc_row_inner][vc_column_inner width=\u00a0\u00bb1\/4&Prime;][vc_icon icon_fontawesome=\u00a0\u00bbfa fa-taxi\u00a0\u00bb color=\u00a0\u00bbcustom\u00a0\u00bb size=\u00a0\u00bblg\u00a0\u00bb align=\u00a0\u00bbcenter\u00a0\u00bb custom_color=\u00a0\u00bb#383272&Prime;][\/vc_column_inner][vc_column_inner width=\u00a0\u00bb3\/4&Prime;][vc_custom_heading text=\u00a0\u00bbTaxi de l\u2019a\u00e9roport \u00a0\u00bb font_container=\u00a0\u00bbtag:h3|text_align:left|color:%23252c44&Prime; use_theme_fonts=\u00a0\u00bbyes\u00a0\u00bb css=\u00a0\u00bb.vc_custom_1524133861989{margin-top: 0px !important;margin-bottom: 15px !important;border-top-width: 0px !important;padding-top: 0px !important;}\u00a0\u00bb][vc_column_text]Vous pouvez prendre un taxi que vous trouverez directement dans le hall d\u2019arriv\u00e9e. Un taxi de Fiumicino co\u00fbt \u20ac48, tout en un taxi de Ciampino est \u00e0 35 \u20ac.[\/vc_column_text][\/vc_column_inner][\/vc_row_inner][vc_row_inner][vc_column_inner width=\u00a0\u00bb1\/4&Prime;][vc_icon icon_fontawesome=\u00a0\u00bbfa fa-car\u00a0\u00bb color=\u00a0\u00bbcustom\u00a0\u00bb size=\u00a0\u00bblg\u00a0\u00bb align=\u00a0\u00bbcenter\u00a0\u00bb custom_color=\u00a0\u00bb#383272&Prime;][\/vc_column_inner][vc_column_inner width=\u00a0\u00bb3\/4&Prime;][vc_custom_heading text=\u00a0\u00bbVoiture priv\u00e9e\u00a0\u00bb font_container=\u00a0\u00bbtag:h3|text_align:left|color:%23252c44&Prime; use_theme_fonts=\u00a0\u00bbyes\u00a0\u00bb css=\u00a0\u00bb.vc_custom_1689243845600{margin-top: 0px !important;margin-bottom: 15px !important;border-top-width: 0px !important;padding-top: 0px !important;}\u00a0\u00bb][vc_column_text]Nous proposons des transferts aux invit\u00e9s de la maison. Notre chauffeur de confiance vous attendra \u00e0 l&rsquo;a\u00e9roport avec une pancarte portant votre nom et vous conduira \u00e0 votre destination. Le co\u00fbt du transfert pour un maximum de 3 personnes depuis les deux a\u00e9roports (Fiumicino et Ciampino) avec une voiture autoris\u00e9e est de 70 \u20ac. Le co\u00fbt du minibus (4-8 personnes) est de 80 \u20ac. Dans le cr\u00e9neau horaire de 21h00 \u00e0 6h00, un suppl\u00e9ment suppl\u00e9mentaire de 10 \u20ac sera appliqu\u00e9.[\/vc_column_text][vc_custom_heading text=\u00a0\u00bbVoiture\u00a0\u00bb font_container=\u00a0\u00bbtag:h3|text_align:left|color:%23252c44&Prime; use_theme_fonts=\u00a0\u00bbyes\u00a0\u00bb css=\u00a0\u00bb.vc_custom_1524133886605{margin-bottom: 15px !important;}\u00a0\u00bb][vc_column_text]Pour calculer votre itin\u00e9raire en voiture, vous pouvez utiliser Google Maps (destination : via di capo le case 18) la zone de circulation limit\u00e9e est ferm\u00e9e aux voitures pendant les heures suivantes : 6 h 30-18 h 00, lundi au vendredi ; 14 h 00 \u2013 18 h 00, le samedi. Le mot \u00ab VARCO ATTIVO \u00bb \u00e0 l\u2019entr\u00e9e de la zone ZTL indique que vous ne pouvez pas y acc\u00e9der.\r\n\r\nLe parking Ludovisi dans la rue du m\u00eame nom, \u00e0 l&rsquo;ext\u00e9rieur de la ZTL, est situ\u00e9 \u00e0 300 m\u00e8tres de la propri\u00e9t\u00e9. Il est ouvert tous les jours de l&rsquo;ann\u00e9e \u00e0 toute heure, le tarif journalier est de 22 \u20ac ; ils n&rsquo;acceptent pas les r\u00e9servations mais \u00e9tant tr\u00e8s grands, le stationnement est garanti.[\/vc_column_text][\/vc_column_inner][\/vc_row_inner][\/vc_column][\/vc_row][vc_row full_width=\u00a0\u00bbstretch_row\u00a0\u00bb el_id=\u00a0\u00bbcustom-contact-frm\u00a0\u00bb enable_overlay=\u00a0\u00bbtrue\u00a0\u00bb css=\u00a0\u00bb.vc_custom_1523282786564{margin-top: 30px !important;background-image: url(http:\/\/www.casaheberart.com\/wp-content\/uploads\/2018\/04\/cont-bg.jpg?id=2241) !important;background-position: center !important;background-repeat: no-repeat !important;background-size: cover !important;}\u00a0\u00bb][vc_column css=\u00a0\u00bb.vc_custom_1523282804819{margin-top: 20px !important;margin-bottom: 20px !important;padding-top: 20px !important;padding-right: 20px !important;padding-bottom: 20px !important;padding-left: 20px !important;background-color: rgba(255,255,255,0.85) !important;*background-color: rgb(255,255,255) !important;}\u00a0\u00bb][vc_column_text]\r\n<p style=\"text-align: center;\">Pour nous contacter veuillez remplir le formulaire suivant et nous vous r\u00e9pondrons d\u00e8s que possible! Vous pouvez \u00e9galement nous envoyer un courriel \u00e0 <a href=\"mailto:info@casaheberart.com\">info@casaheberart.com<\/a>.<\/p>\r\n[\/vc_column_text]<div role=\"form\" class=\"wpcf7\" id=\"wpcf7-f2256-o4\" lang=\"it-IT\" dir=\"ltr\">\n<div class=\"screen-reader-response\"><p role=\"status\" aria-live=\"polite\" aria-atomic=\"true\"><\/p> <ul><\/ul><\/div>\n<form action=\"\/fr\/wp-json\/wp\/v2\/pages\/20#wpcf7-f2256-o4\" method=\"post\" class=\"wpcf7-form init\" novalidate=\"novalidate\" data-status=\"init\">\n<div style=\"display: none;\">\n<input type=\"hidden\" name=\"_wpcf7\" value=\"2256\" \/>\n<input type=\"hidden\" name=\"_wpcf7_version\" value=\"5.5.6\" \/>\n<input type=\"hidden\" name=\"_wpcf7_locale\" value=\"it_IT\" \/>\n<input type=\"hidden\" name=\"_wpcf7_unit_tag\" value=\"wpcf7-f2256-o4\" \/>\n<input type=\"hidden\" name=\"_wpcf7_container_post\" value=\"0\" \/>\n<input type=\"hidden\" name=\"_wpcf7_posted_data_hash\" value=\"\" \/>\n<\/div>\n<div class=\"contact-form\">\n<div class=\"row\">\n<div class=\"clearfix\">\n<div class=\"col-sm-6\"><i class=\"fa fa-user\"><\/i><span class=\"wpcf7-form-control-wrap your-name\"><input type=\"text\" name=\"your-name\" value=\"\" size=\"40\" class=\"wpcf7-form-control wpcf7-text wpcf7-validates-as-required field-text\" aria-required=\"true\" aria-invalid=\"false\" placeholder=\"Prenom*\" \/><\/span><\/div>\n<div class=\"col-sm-6\"><i class=\"fa fa-user\"><\/i><span class=\"wpcf7-form-control-wrap your-surname\"><input type=\"text\" name=\"your-surname\" value=\"\" size=\"40\" class=\"wpcf7-form-control wpcf7-text wpcf7-validates-as-required field-text\" aria-required=\"true\" aria-invalid=\"false\" placeholder=\"Nom*\" \/><\/span><\/div>\n<\/div>\n<div class=\"clearfix\">\n<div class=\"col-sm-6\"><i class=\"fa fa-phone\"><\/i><span class=\"wpcf7-form-control-wrap your-tel\"><input type=\"tel\" name=\"your-tel\" value=\"\" size=\"40\" class=\"wpcf7-form-control wpcf7-text wpcf7-tel wpcf7-validates-as-required wpcf7-validates-as-tel field-text\" aria-required=\"true\" aria-invalid=\"false\" placeholder=\"T\u00e9l\u00e9phone*\" \/><\/span><\/div>\n<div class=\"col-sm-6\"><i class=\"fa fa-envelope\"><\/i><span class=\"wpcf7-form-control-wrap your-email\"><input type=\"email\" name=\"your-email\" value=\"\" size=\"40\" class=\"wpcf7-form-control wpcf7-text wpcf7-email wpcf7-validates-as-required wpcf7-validates-as-email field-text\" aria-required=\"true\" aria-invalid=\"false\" placeholder=\"Email*\" \/><\/span><\/div>\n<\/div>\n<div class=\"col-sm-12\"><i class=\"fa fa-edit\"><\/i><span class=\"wpcf7-form-control-wrap your-message\"><textarea name=\"your-message\" cols=\"40\" rows=\"10\" class=\"wpcf7-form-control wpcf7-textarea wpcf7-validates-as-required field-textarea\" aria-required=\"true\" aria-invalid=\"false\" placeholder=\"Messagge*\"><\/textarea><\/span><\/div>\n<div class=\"col-sm-12\">\n\t\t\t<span class=\"wpcf7-form-control-wrap checkbox-terms\"><span class=\"wpcf7-form-control wpcf7-checkbox wpcf7-validates-as-required wpcf7-exclusive-checkbox\" id=\"psinformativa\"><span class=\"wpcf7-list-item first last\"><input type=\"checkbox\" name=\"checkbox-terms\" value=\"*\" \/><span class=\"wpcf7-list-item-label\">*<\/span><\/span><\/span><\/span>\n\t\t<\/div>\n<div class=\"col-sm-6\">\n\t\t\t<input type=\"submit\" value=\"ENVOYER\" class=\"wpcf7-form-control has-spinner wpcf7-submit ev-cont-it btn-gold\" \/>\n\t\t<\/div>\n<div class=\"col-sm-12\">\n<div class=\"wpcf7-response-output\" aria-hidden=\"true\"><\/div>\n<\/div>\n<\/div>\n<\/div>\n<p><script src=\"https:\/\/servizi.promoservice.com\/gdpr\/1.0\/js\/ps-gdpr-lib.js\"><\/script><br \/>\n<script src=\"https:\/\/servizi.promoservice.com\/gdpr\/1.0\/js\/ps-gdpr-init.js\" data-customer=\"casaheberart\" data-lang=\"fr\" data-type=\"informativa\"><\/script><\/p>\n<\/form><\/div>[\/vc_column][\/vc_row]","protected":false},"excerpt":{"rendered":"[vc_row][vc_column][rev_slider_vc alias=\u00a0\u00bbcapo-le-case-banner\u00a0\u00bb][vc_empty_space height=\u00a0\u00bb0px\u00a0\u00bb el_id=\u00a0\u00bbofferte\u00a0\u00bb css=\u00a0\u00bb.vc_custom_1522940409795{margin-top: -140px !important;margin-bottom: 140px !important;}\u00a0\u00bb][\/vc_column][\/vc_row][vc_row full_width=\u00a0\u00bbstretch_row\u00a0\u00bb css=\u00a0\u00bb.vc_custom_1563795076124{margin-top: 0px !important;margin-bottom: 0px !important;border-top-width: 0px !important;border-bottom-width: 0px !important;padding-top: 0px !important;padding-bottom: 0px !important;background-color: #003581 !important;}\u00a0\u00bb][vc_column css=\u00a0\u00bb.vc_custom_1563795091819{margin-top: 0px !important;margin-bottom: 0px !important;border-top-width: 0px !important;border-bottom-width: 0px !important;padding-top: 10px !important;padding-bottom: 0px !important;}\u00a0\u00bb][vc_raw_html]JTNDc2NyaXB0JTIwdHlwZSUzRCUyMnRleHQlMkZqYXZhc2NyaXB0JTIyJTIwc3JjJTNEJTIyaHR0cHMlM0ElMkYlMkZyZXN4Lm9jdG9yYXRlLmNvbSUyRm9jdG9ib29rJTJGcmVzb3VyY2VzJTJGd2lkZ2V0JTJGanMlMkZmb3JtLmpzJTIyJTIwZGF0YS1zaXRla2V5JTNEJTIyYTI4YmRjNjk3NzM1OWFlZDUyY2E1MDcyNmYwZmQwNWYlMjIlM0UlM0MlMkZzY3JpcHQlM0U=[\/vc_raw_html][\/vc_column][\/vc_row][vc_row full_width=\u00a0\u00bbstretch_row_content\u00a0\u00bb equal_height=\u00a0\u00bbyes\u00a0\u00bb content_placement=\u00a0\u00bbmiddle\u00a0\u00bb el_class=\u00a0\u00bboffer-block therow\u00a0\u00bb enable_overlay=\u00a0\u00bbtrue\u00a0\u00bb css=\u00a0\u00bb.vc_custom_1522939673462{margin-bottom: 0px !important;padding-right: 20% !important;padding-left: 20% !important;}\u00a0\u00bb][vc_column offset=\u00a0\u00bbvc_col-lg-8 vc_col-md-6 vc_col-xs-12&Prime;][vc_custom_heading text=\u00a0\u00bbCapo [&hellip;]","protected":false},"author":14,"featured_media":0,"parent":0,"menu_order":0,"comment_status":"closed","ping_status":"closed","template":"","meta":[],"yoast_head":"<!-- This site is optimized with the Yoast SEO plugin v18.3 - https:\/\/yoast.com\/wordpress\/plugins\/seo\/ -->\n<title>B&amp;B affittacamere in centro a Roma zona &quot;Spagna&quot;. Alloggi brevi periodi<\/title>\n<meta name=\"description\" content=\"Guest House in centro a Roma, vicina ai musei e alle vie dello shopping. Ben collegato con i mezzi - metro Spagna oppure Barberini\" \/>\n<meta name=\"robots\" content=\"index, follow, max-snippet:-1, max-image-preview:large, max-video-preview:-1\" \/>\n<link rel=\"canonical\" href=\"https:\/\/www.casaheberart.com\/it\/capo-le-case\/\" \/>\n<meta property=\"og:locale\" content=\"fr_FR\" \/>\n<meta property=\"og:type\" content=\"article\" \/>\n<meta property=\"og:title\" content=\"B&amp;B affittacamere in centro a Roma zona &quot;Spagna&quot;. Alloggi brevi periodi\" \/>\n<meta property=\"og:description\" content=\"Guest House in centro a Roma, vicina ai musei e alle vie dello shopping. Ben collegato con i mezzi - metro Spagna oppure Barberini\" \/>\n<meta property=\"og:url\" content=\"https:\/\/www.casaheberart.com\/it\/capo-le-case\/\" \/>\n<meta property=\"og:site_name\" content=\"Heberart House\" \/>\n<meta property=\"article:modified_time\" content=\"2025-02-06T16:31:27+00:00\" \/>\n<meta name=\"twitter:card\" content=\"summary\" \/>\n<meta name=\"twitter:label1\" content=\"Dur\u00e9e de lecture estim\u00e9e\" \/>\n\t<meta name=\"twitter:data1\" content=\"9 minutes\" \/>\n<script type=\"application\/ld+json\" class=\"yoast-schema-graph\">{\"@context\":\"https:\/\/schema.org\",\"@graph\":[{\"@type\":\"WebSite\",\"@id\":\"https:\/\/www.casaheberart.com\/it\/#website\",\"url\":\"https:\/\/www.casaheberart.com\/it\/\",\"name\":\"Heberart House\",\"description\":\"ROMA\",\"potentialAction\":[{\"@type\":\"SearchAction\",\"target\":{\"@type\":\"EntryPoint\",\"urlTemplate\":\"https:\/\/www.casaheberart.com\/it\/?s={search_term_string}\"},\"query-input\":\"required name=search_term_string\"}],\"inLanguage\":\"fr-FR\"},{\"@type\":\"WebPage\",\"@id\":\"https:\/\/www.casaheberart.com\/it\/capo-le-case\/#webpage\",\"url\":\"https:\/\/www.casaheberart.com\/it\/capo-le-case\/\",\"name\":\"B&B affittacamere in centro a Roma zona \\\"Spagna\\\". Alloggi brevi periodi\",\"isPartOf\":{\"@id\":\"https:\/\/www.casaheberart.com\/it\/#website\"},\"datePublished\":\"2016-11-04T14:28:27+00:00\",\"dateModified\":\"2025-02-06T16:31:27+00:00\",\"description\":\"Guest House in centro a Roma, vicina ai musei e alle vie dello shopping. Ben collegato con i mezzi - metro Spagna oppure Barberini\",\"breadcrumb\":{\"@id\":\"https:\/\/www.casaheberart.com\/it\/capo-le-case\/#breadcrumb\"},\"inLanguage\":\"fr-FR\",\"potentialAction\":[{\"@type\":\"ReadAction\",\"target\":[\"https:\/\/www.casaheberart.com\/it\/capo-le-case\/\"]}]},{\"@type\":\"BreadcrumbList\",\"@id\":\"https:\/\/www.casaheberart.com\/it\/capo-le-case\/#breadcrumb\",\"itemListElement\":[{\"@type\":\"ListItem\",\"position\":1,\"name\":\"Home\",\"item\":\"https:\/\/www.casaheberart.com\/it\/\"},{\"@type\":\"ListItem\",\"position\":2,\"name\":\"Capo Le Case\"}]}]}<\/script>\n<!-- \/ Yoast SEO plugin. -->","yoast_head_json":{"title":"B&B affittacamere in centro a Roma zona \"Spagna\". Alloggi brevi periodi","description":"Guest House in centro a Roma, vicina ai musei e alle vie dello shopping. Ben collegato con i mezzi - metro Spagna oppure Barberini","robots":{"index":"index","follow":"follow","max-snippet":"max-snippet:-1","max-image-preview":"max-image-preview:large","max-video-preview":"max-video-preview:-1"},"canonical":"https:\/\/www.casaheberart.com\/it\/capo-le-case\/","og_locale":"fr_FR","og_type":"article","og_title":"B&B affittacamere in centro a Roma zona \"Spagna\". Alloggi brevi periodi","og_description":"Guest House in centro a Roma, vicina ai musei e alle vie dello shopping. Ben collegato con i mezzi - metro Spagna oppure Barberini","og_url":"https:\/\/www.casaheberart.com\/it\/capo-le-case\/","og_site_name":"Heberart House","article_modified_time":"2025-02-06T16:31:27+00:00","twitter_card":"summary","twitter_misc":{"Dur\u00e9e de lecture estim\u00e9e":"9 minutes"},"schema":{"@context":"https:\/\/schema.org","@graph":[{"@type":"WebSite","@id":"https:\/\/www.casaheberart.com\/it\/#website","url":"https:\/\/www.casaheberart.com\/it\/","name":"Heberart House","description":"ROMA","potentialAction":[{"@type":"SearchAction","target":{"@type":"EntryPoint","urlTemplate":"https:\/\/www.casaheberart.com\/it\/?s={search_term_string}"},"query-input":"required name=search_term_string"}],"inLanguage":"fr-FR"},{"@type":"WebPage","@id":"https:\/\/www.casaheberart.com\/it\/capo-le-case\/#webpage","url":"https:\/\/www.casaheberart.com\/it\/capo-le-case\/","name":"B&B affittacamere in centro a Roma zona \"Spagna\". Alloggi brevi periodi","isPartOf":{"@id":"https:\/\/www.casaheberart.com\/it\/#website"},"datePublished":"2016-11-04T14:28:27+00:00","dateModified":"2025-02-06T16:31:27+00:00","description":"Guest House in centro a Roma, vicina ai musei e alle vie dello shopping. Ben collegato con i mezzi - metro Spagna oppure Barberini","breadcrumb":{"@id":"https:\/\/www.casaheberart.com\/it\/capo-le-case\/#breadcrumb"},"inLanguage":"fr-FR","potentialAction":[{"@type":"ReadAction","target":["https:\/\/www.casaheberart.com\/it\/capo-le-case\/"]}]},{"@type":"BreadcrumbList","@id":"https:\/\/www.casaheberart.com\/it\/capo-le-case\/#breadcrumb","itemListElement":[{"@type":"ListItem","position":1,"name":"Home","item":"https:\/\/www.casaheberart.com\/it\/"},{"@type":"ListItem","position":2,"name":"Capo Le Case"}]}]}},"_links":{"self":[{"href":"https:\/\/www.casaheberart.com\/fr\/wp-json\/wp\/v2\/pages\/20"}],"collection":[{"href":"https:\/\/www.casaheberart.com\/fr\/wp-json\/wp\/v2\/pages"}],"about":[{"href":"https:\/\/www.casaheberart.com\/fr\/wp-json\/wp\/v2\/types\/page"}],"author":[{"embeddable":true,"href":"https:\/\/www.casaheberart.com\/fr\/wp-json\/wp\/v2\/users\/14"}],"replies":[{"embeddable":true,"href":"https:\/\/www.casaheberart.com\/fr\/wp-json\/wp\/v2\/comments?post=20"}],"version-history":[{"count":242,"href":"https:\/\/www.casaheberart.com\/fr\/wp-json\/wp\/v2\/pages\/20\/revisions"}],"predecessor-version":[{"id":2941,"href":"https:\/\/www.casaheberart.com\/fr\/wp-json\/wp\/v2\/pages\/20\/revisions\/2941"}],"wp:attachment":[{"href":"https:\/\/www.casaheberart.com\/fr\/wp-json\/wp\/v2\/media?parent=20"}],"curies":[{"name":"wp","href":"https:\/\/api.w.org\/{rel}","templated":true}]}}