

{"id":20,"date":"2016-11-04T15:28:27","date_gmt":"2016-11-04T14:28:27","guid":{"rendered":"http:\/\/holidaytorbole.it\/?page_id=20"},"modified":"2025-02-06T17:31:27","modified_gmt":"2025-02-06T16:31:27","slug":"capo-le-case","status":"publish","type":"page","link":"https:\/\/www.casaheberart.com\/de\/capo-le-case\/","title":{"rendered":"Capo Le Case"},"content":{"rendered":"[vc_row][vc_column][rev_slider_vc alias=&#8220;capo-le-case-banner&#8220;][vc_empty_space height=&#8220;0px&#8220; el_id=&#8220;offerte&#8220; css=&#8220;.vc_custom_1522940409795{margin-top: -140px !important;margin-bottom: 140px !important;}&#8220;][\/vc_column][\/vc_row][vc_row full_width=&#8220;stretch_row&#8220; css=&#8220;.vc_custom_1563795076124{margin-top: 0px !important;margin-bottom: 0px !important;border-top-width: 0px !important;border-bottom-width: 0px !important;padding-top: 0px !important;padding-bottom: 0px !important;background-color: #003581 !important;}&#8220;][vc_column css=&#8220;.vc_custom_1563795091819{margin-top: 0px !important;margin-bottom: 0px !important;border-top-width: 0px !important;border-bottom-width: 0px !important;padding-top: 10px !important;padding-bottom: 0px !important;}&#8220;][vc_raw_html]JTNDc2NyaXB0JTIwdHlwZSUzRCUyMnRleHQlMkZqYXZhc2NyaXB0JTIyJTIwc3JjJTNEJTIyaHR0cHMlM0ElMkYlMkZyZXN4Lm9jdG9yYXRlLmNvbSUyRm9jdG9ib29rJTJGcmVzb3VyY2VzJTJGd2lkZ2V0JTJGanMlMkZmb3JtLmpzJTIyJTIwZGF0YS1zaXRla2V5JTNEJTIyYTI4YmRjNjk3NzM1OWFlZDUyY2E1MDcyNmYwZmQwNWYlMjIlM0UlM0MlMkZzY3JpcHQlM0U=[\/vc_raw_html][\/vc_column][\/vc_row][vc_row full_width=&#8220;stretch_row_content&#8220; equal_height=&#8220;yes&#8220; content_placement=&#8220;middle&#8220; el_class=&#8220;offer-block therow&#8220; enable_overlay=&#8220;true&#8220; css=&#8220;.vc_custom_1522939673462{margin-bottom: 0px !important;padding-right: 20% !important;padding-left: 20% !important;}&#8220;][vc_column offset=&#8220;vc_col-lg-8 vc_col-md-6 vc_col-xs-12&#8243;][vc_custom_heading text=&#8220;Capo Le Case&#8220; font_container=&#8220;tag:h1|text_align:center|color:%23212121&#8243; use_theme_fonts=&#8220;yes&#8220; css=&#8220;.vc_custom_1513352841476{margin-bottom: 20px !important;}&#8220;][vc_column_text]Das Casa Heberart G\u00e4stehaus Capo le Case in der Via di Capo le Case befindet sich in einer Stra\u00dfe, die die Grenze zwischen den Stadtteilen Trevi und Colonna markiert. Dort, wo &#8222;buchst\u00e4blich&#8220; vor vielen Jahren die H\u00e4user begannen und die Weiden begannen &#8230; eins Rom ganz anders als heute &#8230; und im selben Geb\u00e4ude, in dem sich heute das G\u00e4stehaus im ersten Stock befindet, gab es eine Scheune auf Stra\u00dfenniveau &#8230; Die Lage war schon immer eine Kreuzung f\u00fcr Reisende, Gesch\u00e4ftsleute und ber\u00fchmte Leute, und es scheint, dass Garibaldi auf der Nummer 18 in der Via di Capo le Case blieb, wie die Gedenktafel an der Stra\u00dfenecke best\u00e4tigt.\r\n\r\nDie Residenz Casa Heberart Capo le Case liegt im Herzen des historischen Stadtzentrums von Rom, nur 5 Minuten zu Fu\u00df vom Trevibrunnen und 200 Meter von der Metrohaltestelle Piazza Barberini und Piazza di Spagna entfernt. In diesem Stadtviertel befinden sich auch die bekannten Einkaufsstra\u00dfen mit einer gro\u00dfz\u00fcgigen Auswahl verschiedener Marken.\r\n\r\nDas Guest House liegt auf der ersten Etage eines eleganten und komfortablen Apartments, es ist mit Stilm\u00f6beln und wertvollen Stoffen eingerichtet.\r\n\r\nAlle Zimmer sind mit LED-Fernsehern mit Kabelkan\u00e4len und einem Wasserkocher ausgestattet.\r\n\r\nEin Aufenthalt in unserem Guest House Capo le Case ist eine ausgezeichnete Wahl f\u00fcr alle Reisenden, die gutes Essen, Kultur und Einkaufsbummel lieben. Sie finden Artikel der Marken Cartier, Gucci, Prada, Burberry, Zara, H&amp;M und Nike.\r\n\r\nDiese Gegend Roms ist bei unseren G\u00e4sten sehr beliebt, wie dies aus unabh\u00e4ngigen Bewertungen zu ersehen ist.[\/vc_column_text][\/vc_column][vc_column css=&#8220;.vc_custom_1522940171820{padding-top: 25px !important;padding-right: 25px !important;padding-bottom: 25px !important;padding-left: 25px !important;background-color: #252c44 !important;}&#8220; el_class=&#8220;whitefont&#8220; offset=&#8220;vc_col-lg-4 vc_col-md-6 vc_col-xs-12&#8243;][vc_custom_heading text=&#8220;Reservieren Sie Online&#8220; font_container=&#8220;tag:h2|text_align:left|color:%23ffffff&#8220; use_theme_fonts=&#8220;yes&#8220; css=&#8220;.vc_custom_1593181713355{margin-bottom: 20px !important;}&#8220;][vc_column_text]Warum sollten Sie auf unserer Internetseite reservieren?\r\n\r\n<i class=\"fa fa-check-circle\"><\/i> Garantierter Bestpreis\r\n<i class=\"fa fa-check-circle\"><\/i> Direkte Reservierung, keine Kommission\r\n\r\nF\u00fcr die Reservierung im gelben Balken den Namen der Pension, entweder Sistina oder Capo le Case, ausw\u00e4hlen und das Datum sowie die Anzahl der G\u00e4ste eintragen.\r\n\r\nFalls Sie Hilfe ben\u00f6tigen, dann setzten Sie sich direkt unter dieser Nummer mit uns in Verbindung: 0039 06 42014107 oder schreiben Sie an: info@casaheberart.com.[\/vc_column_text][vc_empty_space height=&#8220;0px&#8220; el_id=&#8220;servizi&#8220; css=&#8220;.vc_custom_1522940449484{margin-top: -140px !important;margin-bottom: 140px !important;}&#8220;][\/vc_column][\/vc_row][vc_row full_width=&#8220;stretch_row&#8220; el_class=&#8220;offer-block&#8220; enable_overlay=&#8220;true&#8220; css=&#8220;.vc_custom_1522940445004{margin-bottom: 40px !important;padding-top: 50px !important;padding-bottom: 50px !important;background-color: #eeeeee !important;}&#8220;][vc_column css=&#8220;.vc_custom_1522939985761{margin-top: 0px !important;padding-top: 0px !important;}&#8220;][vc_custom_heading text=&#8220;Dienstleistungen&#8220; font_container=&#8220;tag:h2|text_align:center|color:%23252c44&#8243; use_theme_fonts=&#8220;yes&#8220; css=&#8220;.vc_custom_1593183288312{margin-bottom: 30px !important;}&#8220;][vc_row_inner equal_height=&#8220;yes&#8220; el_class=&#8220;services&#8220; css=&#8220;.vc_custom_1495804932298{margin-top: 10px !important;}&#8220;][vc_column_inner width=&#8220;1\/12&#8243; offset=&#8220;vc_hidden-sm vc_hidden-xs&#8220;][\/vc_column_inner][vc_column_inner width=&#8220;2\/12&#8243; offset=&#8220;vc_col-lg-2 vc_col-md-2 vc_col-xs-4&#8243;][vc_single_image image=&#8220;1795&#8243; img_size=&#8220;full&#8220; alignment=&#8220;center&#8220;][vc_column_text]\r\n<p style=\"text-align: center;\">ZENTRUM VON ROM<\/p>\r\n[\/vc_column_text][\/vc_column_inner][vc_column_inner width=&#8220;2\/12&#8243; offset=&#8220;vc_col-lg-2 vc_col-md-2 vc_col-xs-4&#8243;][vc_single_image image=&#8220;1793&#8243; img_size=&#8220;full&#8220; alignment=&#8220;center&#8220;][vc_column_text]\r\n<p style=\"text-align: center;\">KOSTENLOSES WLAN<\/p>\r\n[\/vc_column_text][\/vc_column_inner][vc_column_inner width=&#8220;2\/12&#8243; offset=&#8220;vc_col-lg-2 vc_col-md-2 vc_col-xs-4&#8243;][vc_single_image image=&#8220;1796&#8243; img_size=&#8220;full&#8220; alignment=&#8220;center&#8220;][vc_column_text]\r\n<p style=\"text-align: center;\">FERNSEHER MIT FLACHBILDSCHIRM<\/p>\r\n[\/vc_column_text][\/vc_column_inner][vc_column_inner width=&#8220;2\/12&#8243; offset=&#8220;vc_col-lg-2 vc_col-md-2 vc_col-xs-6&#8243;][vc_single_image image=&#8220;2511&#8243; img_size=&#8220;full&#8220; alignment=&#8220;center&#8220;][vc_column_text]\r\n<p style=\"text-align: center;\">DUSCHE<\/p>\r\n[\/vc_column_text][\/vc_column_inner][vc_column_inner width=&#8220;2\/12&#8243;][vc_single_image image=&#8220;1794&#8243; img_size=&#8220;full&#8220; alignment=&#8220;center&#8220;][vc_column_text]\r\n<p style=\"text-align: center;\">KLIMAANLAGE<\/p>\r\n[\/vc_column_text][\/vc_column_inner][vc_column_inner width=&#8220;1\/12&#8243;][\/vc_column_inner][\/vc_row_inner][\/vc_column][\/vc_row][vc_row gap=&#8220;30&#8243; equal_height=&#8220;yes&#8220;][vc_column width=&#8220;1\/2&#8243;][vc_column_text]<strong>Zu deiner Verf\u00fcgung<\/strong>\r\n<ul>\r\n \t<li style=\"list-style-type: none;\">\r\n<ul>\r\n \t<li>Stadtplan<\/li>\r\n \t<li>Bettw\u00e4sche und Handt\u00fccher<\/li>\r\n \t<li>Mit freundlicher Genehmigung des Badezimmer-Kits<\/li>\r\n \t<li>Haartrockner<\/li>\r\n \t<li>Wasserkocher mit Tee, Kaffee und Kr\u00e4utertees<\/li>\r\n \t<li>T\u00e4gliche Raumreinigung<\/li>\r\n \t<li>W\u00e4schewechsel alle 3 Tage, Handt\u00fccher auf Anfrage<\/li>\r\n<\/ul>\r\n<\/li>\r\n<\/ul>\r\n[\/vc_column_text][\/vc_column][vc_column width=&#8220;1\/2&#8243;][vc_column_text]<strong>Auf Anfrage<\/strong>\r\n<ul>\r\n \t<li style=\"list-style-type: none;\">\r\n<ul>\r\n \t<li>Transfer zum und vom Flughafen<\/li>\r\n \t<li>Eintrittskarten f\u00fcr Museen<\/li>\r\n \t<li>Kinderbett (nur f\u00fcr einige Zimmer)<\/li>\r\n \t<li>\u00dcberraschungen und Geschenke f\u00fcr Geburtstage und Jubil\u00e4en &#8211; Verf\u00fcgbarkeit im Voraus zu \u00fcberpr\u00fcfen<\/li>\r\n<\/ul>\r\n<\/li>\r\n<\/ul>\r\n[\/vc_column_text][\/vc_column][\/vc_row][vc_row gap=&#8220;30&#8243;][vc_column width=&#8220;1\/2&#8243;][vc_single_image image=&#8220;2459&#8243; img_size=&#8220;full&#8220;][\/vc_column][vc_column width=&#8220;1\/2&#8243;][vc_column_text]<strong>Rezeption<\/strong>\r\n<ul>\r\n \t<li style=\"list-style-type: none;\">\r\n<ul>\r\n \t<li>Der automatische Check-in ist ab 14:00 Uhr verf\u00fcgbar<\/li>\r\n \t<li>Check-out bis 10.00 Uhr<\/li>\r\n \t<li>F\u00fcr weitere Informationen empfehlen wir allen unseren G\u00e4sten, sich vor der Ankunft unter info@casaheberart.com per E-Mail an uns zu wenden<\/li>\r\n<\/ul>\r\n<\/li>\r\n<\/ul>\r\n[\/vc_column_text][vc_empty_space height=&#8220;0px&#8220; el_id=&#8220;camere&#8220; css=&#8220;.vc_custom_1593182911084{margin-top: -140px !important;margin-bottom: 140px !important;}&#8220;][\/vc_column][\/vc_row][vc_row full_width=&#8220;stretch_row_content&#8220; el_class=&#8220;offer-block therow&#8220; enable_overlay=&#8220;true&#8220; css=&#8220;.vc_custom_1591886975052{margin-bottom: 40px !important;padding-right: 20% !important;padding-left: 20% !important;}&#8220;][vc_column css=&#8220;.vc_custom_1522942928747{margin-top: 10px !important;padding-top: 0px !important;}&#8220;][vc_empty_space height=&#8220;65px&#8220;][vc_custom_heading text=&#8220;Die Zimmer&#8220; font_container=&#8220;tag:h2|font_size:50px|text_align:center|color:%23252c44&#8243; use_theme_fonts=&#8220;yes&#8220; css=&#8220;.vc_custom_1593182560887{margin-bottom: 20px !important;}&#8220;][vc_empty_space][\/vc_column][\/vc_row][vc_row full_width=&#8220;stretch_row_content&#8220; gap=&#8220;35&#8243; css=&#8220;.vc_custom_1592233665127{padding-right: 20% !important;padding-left: 20% !important;}&#8220;][vc_column width=&#8220;1\/2&#8243;][vc_custom_heading text=&#8220;Standard-Doppelzimmer&#8220; font_container=&#8220;tag:h3|text_align:left|color:%23252c44&#8243; use_theme_fonts=&#8220;yes&#8220; css=&#8220;.vc_custom_1524134245020{margin-bottom: 15px !important;}&#8220;][vc_column_text]Standard-Doppelzimmer sind 9 qm gro\u00df und bieten ein bequemes, 160 cm breites Doppelbett.\r\n\r\nDie Zimmer sind mit allem Erforderlichen ausgestattet, vom Fernseher mit Flachbildschirm bis zum Wasserkocher f\u00fcr warme Getr\u00e4nke und einem praktischen Stauraum.\r\n\r\nDas private, externe Badezimmer liegt im Apartment und kann durch den Gang erreicht werden.\r\n\r\nDas Bad hat eine bequeme Dusche, WC, Bidet, Handtuchheizk\u00f6rper und F\u00f6n.\r\n\r\nIn einem der Zimmer ist es m\u00f6glich, eine Sauna\/ein Dampfbad zu nehmen (mit Vorbestellung und gegen Bezahlung).\r\n\r\n<b>EIGENSCHAFTEN:<\/b>\r\n<ul>\r\n \t<li style=\"list-style-type: none;\">\r\n<ul>\r\n \t<li>Gr\u00f6\u00dfe: 9 qm<\/li>\r\n \t<li>Privates, externes Badezimmer<\/li>\r\n \t<li>Stadtteil: Spagna<\/li>\r\n \t<li>Klimatisierte Zimmer<\/li>\r\n \t<li>1 Doppelbett<\/li>\r\n<\/ul>\r\n<\/li>\r\n<\/ul>\r\n<ul>\r\n \t<li>Privates, externes Badezimmer<\/li>\r\n \t<li>WLAN in allen Zimmern<\/li>\r\n<\/ul>\r\n[\/vc_column_text][\/vc_column][vc_column width=&#8220;1\/2&#8243;][vc_gallery type=&#8220;nivo&#8220; interval=&#8220;3&#8243; images=&#8220;1898,1897,1896,1899&#8243; img_size=&#8220;full&#8220;][\/vc_column][\/vc_row][vc_row full_width=&#8220;stretch_row_content&#8220; gap=&#8220;35&#8243; css=&#8220;.vc_custom_1592233678919{padding-right: 20% !important;padding-left: 20% !important;}&#8220;][vc_column width=&#8220;1\/2&#8243;][vc_gallery type=&#8220;nivo&#8220; interval=&#8220;3&#8243; images=&#8220;1903,1902,1901,1900&#8243; img_size=&#8220;full&#8220;][\/vc_column][vc_column width=&#8220;1\/2&#8243;][vc_custom_heading text=&#8220;Doppelzimmer Comfort&#8220; font_container=&#8220;tag:h3|text_align:left|color:%23252c44&#8243; use_theme_fonts=&#8220;yes&#8220; css=&#8220;.vc_custom_1524134309229{margin-bottom: 15px !important;}&#8220;][vc_column_text]Das Doppelzimmer Comfort ist 15 qm gro\u00df und ist mit einem 180 cm breiten Doppelbett oder zwei Einzelbetten ausgestattet. Ein drittes Bett kann hinzugef\u00fcgt werden. Im Zimmer stehen ein Fernseher mit Flachbildschirm, ein Wasserkocher und eine Garderobe zur Verf\u00fcgung.\r\n\r\nDieses Zimmer gestattet sowie die Aussicht auf die renommierte Via Due Macelli als auch auf die Via di Capo le Case.\r\n\r\nDas private, externe Badezimmer liegt im Apartment und kann durch den Gang erreicht werden.\r\n\r\nDas Bad hat eine bequeme Dusche, WC, Bidet, Handtuchheizk\u00f6rper und F\u00f6n.\r\n\r\n<b>EIGENSCHAFTEN:<\/b>\r\n<ul>\r\n \t<li>Gr\u00f6\u00dfe: 15 qm<\/li>\r\n \t<li>Privates, externes Badezimmer<\/li>\r\n \t<li>Stadtteil: Spagna<\/li>\r\n \t<li>Klimatisierte Zimmer<\/li>\r\n \t<li>1 Doppelbett und ein Einzelbett oder drei<\/li>\r\n \t<li>Einzelbetten<\/li>\r\n<\/ul>\r\n[\/vc_column_text][\/vc_column][\/vc_row][vc_row full_width=&#8220;stretch_row_content&#8220; gap=&#8220;35&#8243; el_class=&#8220;offer-block therow&#8220; enable_overlay=&#8220;true&#8220; css=&#8220;.vc_custom_1592233690221{margin-bottom: 40px !important;padding-right: 20% !important;padding-left: 20% !important;}&#8220;][vc_column width=&#8220;1\/2&#8243; css=&#8220;.vc_custom_1522942928747{margin-top: 10px !important;padding-top: 0px !important;}&#8220;][vc_custom_heading text=&#8220;Deluxe-Doppelzimmer&#8220; font_container=&#8220;tag:h3|text_align:left|color:%23252c44&#8243; use_theme_fonts=&#8220;yes&#8220; css=&#8220;.vc_custom_1524134386416{margin-bottom: 15px !important;}&#8220;][vc_column_text]Deluxe-Doppelzimmer sind 14 und 16 qm gro\u00df und mit einem 180 cm breiten Doppelbett oder zwei Einzelbetten ausgestattet. Ein drittes Bett kann hinzugef\u00fcgt werden. Im Zimmer stehen ein Fernseher mit Flachbildschirm, ein Wasserkocher und eine Garderobe zur Verf\u00fcgung.\r\n\r\nBad mit Dusche oder Dusche mit Badewanne, WC, Bidet, Handtuchheizk\u00f6rper.\r\n\r\n<b>EIGENSCHAFTEN:<\/b>\r\n<ul>\r\n \t<li>Gr\u00f6\u00dfe: 14 und 16 qm<\/li>\r\n \t<li>Stadtteil: Spagna<\/li>\r\n \t<li>Klimatisierte Zimmer<\/li>\r\n \t<li>1 Doppelbett und ein Einzelbett oder drei Einzelbetten<\/li>\r\n \t<li>WLAN in allen Zimmern<\/li>\r\n<\/ul>\r\n[\/vc_column_text][\/vc_column][vc_column width=&#8220;1\/2&#8243;][vc_gallery type=&#8220;nivo&#8220; interval=&#8220;3&#8243; images=&#8220;1889,1888,1887,1886,1885&#8243; img_size=&#8220;full&#8220;][vc_empty_space height=&#8220;0px&#8220; el_id=&#8220;gallery&#8220; css=&#8220;.vc_custom_1522940937789{margin-top: -140px !important;margin-bottom: 140px !important;}&#8220;][\/vc_column][\/vc_row][vc_row full_width=&#8220;stretch_row&#8220; el_class=&#8220;offer-block&#8220; enable_overlay=&#8220;true&#8220; css=&#8220;.vc_custom_1522940933052{margin-bottom: 40px !important;background-color: #eeeeee !important;}&#8220;][vc_column css=&#8220;.vc_custom_1522942833661{padding-top: 25px !important;}&#8220;][vc_custom_heading text=&#8220;Fotogalerie&#8220; font_container=&#8220;tag:h2|text_align:center|color:%23252c44&#8243; use_theme_fonts=&#8220;yes&#8220; css=&#8220;.vc_custom_1593182994087{margin-bottom: 20px !important;}&#8220;][vc_gallery type=&#8220;image_grid&#8220; images=&#8220;1905,1906,1907,1903,1902,1901,1900,1896,1897,1898,1899,1889,1888,1887,1886,1885&#8243;][vc_empty_space height=&#8220;0px&#8220; el_id=&#8220;posizione&#8220; css=&#8220;.vc_custom_1522942577287{margin-top: -140px !important;margin-bottom: 140px !important;}&#8220;][\/vc_column][\/vc_row][vc_row full_width=&#8220;stretch_row&#8220; el_class=&#8220;offer-block&#8220; enable_overlay=&#8220;true&#8220; css=&#8220;.vc_custom_1493906145928{margin-bottom: 40px !important;}&#8220;][vc_column css=&#8220;.vc_custom_1522942881655{margin-top: 0px !important;padding-top: 0px !important;}&#8220;][vc_custom_heading text=&#8220;Wo wir sind&#8220; font_container=&#8220;tag:h2|text_align:center|color:%23252c44&#8243; use_theme_fonts=&#8220;yes&#8220; css=&#8220;.vc_custom_1593183063885{margin-bottom: 20px !important;}&#8220;][vc_raw_html]JTNDaWZyYW1lJTIwc3JjJTNEJTIyaHR0cHMlM0ElMkYlMkZ3d3cuZ29vZ2xlLmNvbSUyRm1hcHMlMkZlbWJlZCUzRnBiJTNEJTIxMW0xOCUyMTFtMTIlMjExbTMlMjExZDE3NjUuNjc0MzA0MDY1NzUxMSUyMTJkMTIuNDg0MzgyMDEzOTgwOTQzJTIxM2Q0MS45MDM2NDM3NDE4ODQ4ODUlMjEybTMlMjExZjAlMjEyZjAlMjEzZjAlMjEzbTIlMjExaTEwMjQlMjEyaTc2OCUyMTRmMTMuMSUyMTNtMyUyMTFtMiUyMTFzMHgxMzJmNjFhYjQ2NDJkOTI5JTI1M0EweDZkY2M5MTY0MGNjNzRkODYlMjEyc0Nhc2ElMjUyMEhlYmVyYXJ0JTI1MjBHdWVzdCUyNTIwSG91c2UlMjUyMENhcG8lMjUyMGxlJTI1MjBDYXNlJTIxNWUwJTIxM20yJTIxMXNpdCUyMTJzaXQlMjE0djE2NDc2MjU1MjY3NjMlMjE1bTIlMjExc2l0JTIxMnNpdCUyMiUyMHdpZHRoJTNEJTIyMTAwJTI1JTIyJTIwaGVpZ2h0JTNEJTIyNDUwJTIyJTIwc3R5bGUlM0QlMjJib3JkZXIlM0EwJTNCJTIyJTIwYWxsb3dmdWxsc2NyZWVuJTNEJTIyJTIyJTIwbG9hZGluZyUzRCUyMmxhenklMjIlM0UlM0MlMkZpZnJhbWUlM0U=[\/vc_raw_html][vc_row_inner][vc_column_inner width=&#8220;1\/4&#8243;][vc_icon icon_fontawesome=&#8220;fa fa-plane&#8220; color=&#8220;custom&#8220; size=&#8220;lg&#8220; align=&#8220;center&#8220; custom_color=&#8220;#383272&#8243;][\/vc_column_inner][vc_column_inner width=&#8220;3\/4&#8243;][vc_custom_heading text=&#8220;Vom Flughafen&#8220; font_container=&#8220;tag:h3|text_align:left|color:%23252c44&#8243; use_theme_fonts=&#8220;yes&#8220; css=&#8220;.vc_custom_1524134446479{margin-top: 0px !important;margin-bottom: 15px !important;border-top-width: 0px !important;padding-top: 0px !important;}&#8220;][vc_column_text]Vom Flughafen Fiumicino nehmen Sie den Zug \u201eLeonardo\u201c bis zum Bahnhof Termini, dann nehmen Sie die U-Bahn-Linie A drei Stationen in Richtung \u201eBattistini\u201c bis zur Haltestelle \u201eSpagna\u201c. Von der U-Bahnstation &#8222;Spagna&#8220; nehmen Sie die Via dei Due Macelli, \u00fcberqueren die Piazza di Spagna und gehen 150 m weiter. Biegen Sie dann links in die Via di Capo le Case ein. Die T\u00fcr befindet sich rechts bei Hausnummer 18.\r\n\r\nAnstelle des Leonardo-Zuges k\u00f6nnen Sie den Shuttlebus zum Bahnhof Termini nehmen. Der Bus ist die billigste L\u00f6sung (6-7 \u20ac \/ Person), aber auch die langsamste Reisezeit, etwa 1h30, um zur Struktur zu gelangen.[\/vc_column_text][\/vc_column_inner][\/vc_row_inner][vc_row_inner][vc_column_inner width=&#8220;1\/4&#8243;][vc_icon icon_fontawesome=&#8220;fa fa-train&#8220; color=&#8220;custom&#8220; size=&#8220;lg&#8220; align=&#8220;center&#8220; custom_color=&#8220;#383272&#8243;][\/vc_column_inner][vc_column_inner width=&#8220;3\/4&#8243;][vc_custom_heading text=&#8220;Vom Bahnhof Termini&#8220; font_container=&#8220;tag:h3|text_align:left|color:%23252c44&#8243; use_theme_fonts=&#8220;yes&#8220; css=&#8220;.vc_custom_1524134460869{margin-top: 0px !important;margin-bottom: 15px !important;border-top-width: 0px !important;padding-top: 0px !important;}&#8220;][vc_column_text]Vom Hauptbahnhof nehmen Sie die Metro-Linie A, drei Stationen in Richtung \u201eBattistini\u201c bis zur Haltestelle \u201eSpagna\u201c. Von der U-Bahnstation &#8222;Spagna&#8220; nehmen Sie die Via dei Due Macelli, \u00fcberqueren die Piazza di Spagna und gehen 150 m weiter. Biegen Sie dann links in die Via di Capo le Case ein. Die T\u00fcr befindet sich rechts bei Hausnummer 18.[\/vc_column_text][\/vc_column_inner][\/vc_row_inner][vc_row_inner][vc_column_inner width=&#8220;1\/4&#8243;][vc_icon icon_fontawesome=&#8220;fa fa-taxi&#8220; color=&#8220;custom&#8220; size=&#8220;lg&#8220; align=&#8220;center&#8220; custom_color=&#8220;#383272&#8243;][\/vc_column_inner][vc_column_inner width=&#8220;3\/4&#8243;][vc_custom_heading text=&#8220;Taxi&#8220; font_container=&#8220;tag:h3|text_align:left|color:%23252c44&#8243; use_theme_fonts=&#8220;yes&#8220; css=&#8220;.vc_custom_1495803956510{margin-top: 0px !important;margin-bottom: 15px !important;border-top-width: 0px !important;padding-top: 0px !important;}&#8220;][vc_column_text]Sie k\u00f6nnen am Flughafen ein Taxi nehmen; diese fahren direkt vor der Ankunftshalle ab.\r\nEin Taxi von Fiumicino kostet 48 Euro, ein Taxi vom Flughafen Ciampino kostet 35 Euro.[\/vc_column_text][\/vc_column_inner][\/vc_row_inner][vc_row_inner][vc_column_inner width=&#8220;1\/4&#8243;][vc_icon icon_fontawesome=&#8220;fa fa-car&#8220; color=&#8220;custom&#8220; size=&#8220;lg&#8220; align=&#8220;center&#8220; custom_color=&#8220;#383272&#8243;][\/vc_column_inner][vc_column_inner width=&#8220;3\/4&#8243;][vc_custom_heading text=&#8220;Privatwagen&#8220; font_container=&#8220;tag:h3|text_align:left|color:%23252c44&#8243; use_theme_fonts=&#8220;yes&#8220; css=&#8220;.vc_custom_1689242045364{margin-top: 0px !important;margin-bottom: 15px !important;border-top-width: 0px !important;padding-top: 0px !important;}&#8220;][vc_column_text]F\u00fcr Hausg\u00e4ste bieten wir Transfers an. Unser vertrauensw\u00fcrdiger Fahrer erwartet Sie am Flughafen mit einem Schild mit Ihrem Namen und bringt Sie an Ihr Ziel. Die Kosten f\u00fcr den Transfer von bis zu 3 Personen von den beiden Flugh\u00e4fen (Fiumicino und Ciampino) mit einem autorisierten Auto betragen 70 \u20ac. Die Kosten f\u00fcr den Minivan (4-8 Personen) betragen 80 \u20ac. Im Zeitfenster von 21.00 bis 6.00 Uhr wird ein zus\u00e4tzlicher Zuschlag von 10 \u20ac erhoben.[\/vc_column_text][vc_custom_heading text=&#8220;Auto&#8220; font_container=&#8220;tag:h3|text_align:left|color:%23252c44&#8243; use_theme_fonts=&#8220;yes&#8220; css=&#8220;.vc_custom_1495803967976{margin-bottom: 15px !important;}&#8220;][vc_column_text]Um die Strecke mit dem Auto zu berechnen, kann Google Maps benutzt werden: Zielpunkt Via di capo le case 18).\r\nIn diesem Stadtviertel gibt es Verkehrsbeschr\u00e4nkungen. Der Bereich ist in folgenden Zeiten geschlossen: Von Montag bis Freitag von 6.30 bis 18.00; am Samstag von 14.00 bis 18.00. Die Schrift \u201eVarco Attivo\u201c am Eingang des verkehrsberuhigten ZTL-Bereichs bedeutet, dass die Zufahrt nicht erlaubt ist.\r\nDer Parkplatz Ludovisi in der gleichnamigen Stra\u00dfe au\u00dferhalb des ZTL befindet sich 300 m von der Unterkunft entfernt. Es ist ganzj\u00e4hrig t\u00e4glich ge\u00f6ffnet, der Tagessatz betr\u00e4gt 22 \u20ac; Sie akzeptieren keine Reservierungen, aber da sie sehr gro\u00df sind, ist das Parken garantiert.[\/vc_column_text][\/vc_column_inner][\/vc_row_inner][\/vc_column][\/vc_row][vc_row full_width=&#8220;stretch_row&#8220; el_id=&#8220;custom-contact-frm&#8220; enable_overlay=&#8220;true&#8220; css=&#8220;.vc_custom_1523282786564{margin-top: 30px !important;background-image: url(http:\/\/www.casaheberart.com\/wp-content\/uploads\/2018\/04\/cont-bg.jpg?id=2241) !important;background-position: center !important;background-repeat: no-repeat !important;background-size: cover !important;}&#8220;][vc_column css=&#8220;.vc_custom_1523282804819{margin-top: 20px !important;margin-bottom: 20px !important;padding-top: 20px !important;padding-right: 20px !important;padding-bottom: 20px !important;padding-left: 20px !important;background-color: rgba(255,255,255,0.85) !important;*background-color: rgb(255,255,255) !important;}&#8220;][vc_column_text]\r\n<p style=\"text-align: center;\">Bitte f\u00fcllen Sie das Formular aus, um sich mit uns in Verbindung zu setzen. Wir werden Ihnen umgehend antworten!<\/p>\r\n<p style=\"text-align: center;\">Oder schreiben Sie uns: <a href=\"mailto:info@casaheberart.com\">info@casaheberart.com<\/a>.<\/p>\r\n[\/vc_column_text]<div role=\"form\" class=\"wpcf7\" id=\"wpcf7-f2255-o3\" lang=\"it-IT\" dir=\"ltr\">\n<div class=\"screen-reader-response\"><p role=\"status\" aria-live=\"polite\" aria-atomic=\"true\"><\/p> <ul><\/ul><\/div>\n<form action=\"\/de\/wp-json\/wp\/v2\/pages\/20#wpcf7-f2255-o3\" method=\"post\" class=\"wpcf7-form init\" novalidate=\"novalidate\" data-status=\"init\">\n<div style=\"display: none;\">\n<input type=\"hidden\" name=\"_wpcf7\" value=\"2255\" \/>\n<input type=\"hidden\" name=\"_wpcf7_version\" value=\"5.5.6\" \/>\n<input type=\"hidden\" name=\"_wpcf7_locale\" value=\"it_IT\" \/>\n<input type=\"hidden\" name=\"_wpcf7_unit_tag\" value=\"wpcf7-f2255-o3\" \/>\n<input type=\"hidden\" name=\"_wpcf7_container_post\" value=\"0\" \/>\n<input type=\"hidden\" name=\"_wpcf7_posted_data_hash\" value=\"\" \/>\n<\/div>\n<div class=\"contact-form\">\n<div class=\"row\">\n<div class=\"clearfix\">\n<div class=\"col-sm-6\"><i class=\"fa fa-user\"><\/i><span class=\"wpcf7-form-control-wrap your-name\"><input type=\"text\" name=\"your-name\" value=\"\" size=\"40\" class=\"wpcf7-form-control wpcf7-text wpcf7-validates-as-required field-text\" aria-required=\"true\" aria-invalid=\"false\" placeholder=\"Name*\" \/><\/span><\/div>\n<div class=\"col-sm-6\"><i class=\"fa fa-user\"><\/i><span class=\"wpcf7-form-control-wrap your-surname\"><input type=\"text\" name=\"your-surname\" value=\"\" size=\"40\" class=\"wpcf7-form-control wpcf7-text wpcf7-validates-as-required field-text\" aria-required=\"true\" aria-invalid=\"false\" placeholder=\"Nachname*\" \/><\/span><\/div>\n<\/div>\n<div class=\"clearfix\">\n<div class=\"col-sm-6\"><i class=\"fa fa-phone\"><\/i><span class=\"wpcf7-form-control-wrap your-tel\"><input type=\"tel\" name=\"your-tel\" value=\"\" size=\"40\" class=\"wpcf7-form-control wpcf7-text wpcf7-tel wpcf7-validates-as-required wpcf7-validates-as-tel field-text\" aria-required=\"true\" aria-invalid=\"false\" placeholder=\"Telefon *\" \/><\/span><\/div>\n<div class=\"col-sm-6\"><i class=\"fa fa-envelope\"><\/i><span class=\"wpcf7-form-control-wrap your-email\"><input type=\"email\" name=\"your-email\" value=\"\" size=\"40\" class=\"wpcf7-form-control wpcf7-text wpcf7-email wpcf7-validates-as-required wpcf7-validates-as-email field-text\" aria-required=\"true\" aria-invalid=\"false\" placeholder=\"E-mail*\" \/><\/span><\/div>\n<\/div>\n<div class=\"col-sm-12\"><i class=\"fa fa-edit\"><\/i><span class=\"wpcf7-form-control-wrap your-message\"><textarea name=\"your-message\" cols=\"40\" rows=\"10\" class=\"wpcf7-form-control wpcf7-textarea wpcf7-validates-as-required field-textarea\" aria-required=\"true\" aria-invalid=\"false\" placeholder=\"Nachricht*\"><\/textarea><\/span><\/div>\n<div class=\"col-sm-12\">\n\t\t\t<span class=\"wpcf7-form-control-wrap checkbox-terms\"><span class=\"wpcf7-form-control wpcf7-checkbox wpcf7-validates-as-required wpcf7-exclusive-checkbox\" id=\"psinformativa\"><span class=\"wpcf7-list-item first last\"><input type=\"checkbox\" name=\"checkbox-terms\" value=\"*\" \/><span class=\"wpcf7-list-item-label\">*<\/span><\/span><\/span><\/span>\n\t\t<\/div>\n<div class=\"col-sm-6\">\n\t\t\t<input type=\"submit\" value=\"SENDEN\" class=\"wpcf7-form-control has-spinner wpcf7-submit ev-cont-it btn-gold\" \/>\n\t\t<\/div>\n<div class=\"col-sm-12\">\n<div class=\"wpcf7-response-output\" aria-hidden=\"true\"><\/div>\n<\/div>\n<\/div>\n<\/div>\n<p><script src=\"https:\/\/servizi.promoservice.com\/gdpr\/1.0\/js\/ps-gdpr-lib.js\"><\/script><br \/>\n<script src=\"https:\/\/servizi.promoservice.com\/gdpr\/1.0\/js\/ps-gdpr-init.js\" data-customer=\"casaheberart\" data-lang=\"de\" data-type=\"informativa\"><\/script><\/p>\n<\/form><\/div>[\/vc_column][\/vc_row][vc_row content_placement=&#8220;middle&#8220;][vc_column width=&#8220;1\/4&#8243;][\/vc_column][vc_column width=&#8220;1\/4&#8243;][vc_single_image image=&#8220;2464&#8243; img_size=&#8220;full&#8220; alignment=&#8220;center&#8220;][\/vc_column][vc_column width=&#8220;2\/4&#8243;][vc_column_text]Casa Heberart G\u00e4stehaus Capo le Case\r\n\r\nVia di Capo le Case, 18 &#8211; 00187, Rom\r\n\r\nKategorie I, Lizenznummer: QA \/ 2017\/31635\r\n\r\nRegionaler Identifikationscode: 9914[\/vc_column_text][\/vc_column][\/vc_row]","protected":false},"excerpt":{"rendered":"[vc_row][vc_column][rev_slider_vc alias=&#8220;capo-le-case-banner&#8220;][vc_empty_space height=&#8220;0px&#8220; el_id=&#8220;offerte&#8220; css=&#8220;.vc_custom_1522940409795{margin-top: -140px !important;margin-bottom: 140px !important;}&#8220;][\/vc_column][\/vc_row][vc_row full_width=&#8220;stretch_row&#8220; css=&#8220;.vc_custom_1563795076124{margin-top: 0px !important;margin-bottom: 0px !important;border-top-width: 0px !important;border-bottom-width: 0px !important;padding-top: 0px !important;padding-bottom: 0px !important;background-color: #003581 !important;}&#8220;][vc_column css=&#8220;.vc_custom_1563795091819{margin-top: 0px !important;margin-bottom: 0px !important;border-top-width: 0px !important;border-bottom-width: 0px !important;padding-top: 10px !important;padding-bottom: 0px !important;}&#8220;][vc_raw_html]JTNDc2NyaXB0JTIwdHlwZSUzRCUyMnRleHQlMkZqYXZhc2NyaXB0JTIyJTIwc3JjJTNEJTIyaHR0cHMlM0ElMkYlMkZyZXN4Lm9jdG9yYXRlLmNvbSUyRm9jdG9ib29rJTJGcmVzb3VyY2VzJTJGd2lkZ2V0JTJGanMlMkZmb3JtLmpzJTIyJTIwZGF0YS1zaXRla2V5JTNEJTIyYTI4YmRjNjk3NzM1OWFlZDUyY2E1MDcyNmYwZmQwNWYlMjIlM0UlM0MlMkZzY3JpcHQlM0U=[\/vc_raw_html][\/vc_column][\/vc_row][vc_row full_width=&#8220;stretch_row_content&#8220; equal_height=&#8220;yes&#8220; content_placement=&#8220;middle&#8220; el_class=&#8220;offer-block therow&#8220; enable_overlay=&#8220;true&#8220; css=&#8220;.vc_custom_1522939673462{margin-bottom: 0px !important;padding-right: 20% !important;padding-left: 20% !important;}&#8220;][vc_column offset=&#8220;vc_col-lg-8 vc_col-md-6 vc_col-xs-12&#8243;][vc_custom_heading text=&#8220;Capo [&hellip;]","protected":false},"author":14,"featured_media":0,"parent":0,"menu_order":0,"comment_status":"closed","ping_status":"closed","template":"","meta":[],"yoast_head":"<!-- This site is optimized with the Yoast SEO plugin v18.3 - https:\/\/yoast.com\/wordpress\/plugins\/seo\/ -->\n<title>B&amp;B affittacamere in centro a Roma zona &quot;Spagna&quot;. Alloggi brevi periodi<\/title>\n<meta name=\"description\" content=\"Guest House in centro a Roma, vicina ai musei e alle vie dello shopping. Ben collegato con i mezzi - metro Spagna oppure Barberini\" \/>\n<meta name=\"robots\" content=\"index, follow, max-snippet:-1, max-image-preview:large, max-video-preview:-1\" \/>\n<link rel=\"canonical\" href=\"https:\/\/www.casaheberart.com\/it\/capo-le-case\/\" \/>\n<meta property=\"og:locale\" content=\"de_DE\" \/>\n<meta property=\"og:type\" content=\"article\" \/>\n<meta property=\"og:title\" content=\"B&amp;B affittacamere in centro a Roma zona &quot;Spagna&quot;. Alloggi brevi periodi\" \/>\n<meta property=\"og:description\" content=\"Guest House in centro a Roma, vicina ai musei e alle vie dello shopping. Ben collegato con i mezzi - metro Spagna oppure Barberini\" \/>\n<meta property=\"og:url\" content=\"https:\/\/www.casaheberart.com\/it\/capo-le-case\/\" \/>\n<meta property=\"og:site_name\" content=\"Heberart House\" \/>\n<meta property=\"article:modified_time\" content=\"2025-02-06T16:31:27+00:00\" \/>\n<meta name=\"twitter:card\" content=\"summary\" \/>\n<meta name=\"twitter:label1\" content=\"Gesch\u00e4tzte Lesezeit\" \/>\n\t<meta name=\"twitter:data1\" content=\"9\u00a0Minuten\" \/>\n<script type=\"application\/ld+json\" class=\"yoast-schema-graph\">{\"@context\":\"https:\/\/schema.org\",\"@graph\":[{\"@type\":\"WebSite\",\"@id\":\"https:\/\/www.casaheberart.com\/it\/#website\",\"url\":\"https:\/\/www.casaheberart.com\/it\/\",\"name\":\"Heberart House\",\"description\":\"ROMA\",\"potentialAction\":[{\"@type\":\"SearchAction\",\"target\":{\"@type\":\"EntryPoint\",\"urlTemplate\":\"https:\/\/www.casaheberart.com\/it\/?s={search_term_string}\"},\"query-input\":\"required name=search_term_string\"}],\"inLanguage\":\"de\"},{\"@type\":\"WebPage\",\"@id\":\"https:\/\/www.casaheberart.com\/it\/capo-le-case\/#webpage\",\"url\":\"https:\/\/www.casaheberart.com\/it\/capo-le-case\/\",\"name\":\"B&B affittacamere in centro a Roma zona \\\"Spagna\\\". Alloggi brevi periodi\",\"isPartOf\":{\"@id\":\"https:\/\/www.casaheberart.com\/it\/#website\"},\"datePublished\":\"2016-11-04T14:28:27+00:00\",\"dateModified\":\"2025-02-06T16:31:27+00:00\",\"description\":\"Guest House in centro a Roma, vicina ai musei e alle vie dello shopping. Ben collegato con i mezzi - metro Spagna oppure Barberini\",\"breadcrumb\":{\"@id\":\"https:\/\/www.casaheberart.com\/it\/capo-le-case\/#breadcrumb\"},\"inLanguage\":\"de\",\"potentialAction\":[{\"@type\":\"ReadAction\",\"target\":[\"https:\/\/www.casaheberart.com\/it\/capo-le-case\/\"]}]},{\"@type\":\"BreadcrumbList\",\"@id\":\"https:\/\/www.casaheberart.com\/it\/capo-le-case\/#breadcrumb\",\"itemListElement\":[{\"@type\":\"ListItem\",\"position\":1,\"name\":\"Home\",\"item\":\"https:\/\/www.casaheberart.com\/it\/\"},{\"@type\":\"ListItem\",\"position\":2,\"name\":\"Capo Le Case\"}]}]}<\/script>\n<!-- \/ Yoast SEO plugin. -->","yoast_head_json":{"title":"B&B affittacamere in centro a Roma zona \"Spagna\". Alloggi brevi periodi","description":"Guest House in centro a Roma, vicina ai musei e alle vie dello shopping. Ben collegato con i mezzi - metro Spagna oppure Barberini","robots":{"index":"index","follow":"follow","max-snippet":"max-snippet:-1","max-image-preview":"max-image-preview:large","max-video-preview":"max-video-preview:-1"},"canonical":"https:\/\/www.casaheberart.com\/it\/capo-le-case\/","og_locale":"de_DE","og_type":"article","og_title":"B&B affittacamere in centro a Roma zona \"Spagna\". Alloggi brevi periodi","og_description":"Guest House in centro a Roma, vicina ai musei e alle vie dello shopping. Ben collegato con i mezzi - metro Spagna oppure Barberini","og_url":"https:\/\/www.casaheberart.com\/it\/capo-le-case\/","og_site_name":"Heberart House","article_modified_time":"2025-02-06T16:31:27+00:00","twitter_card":"summary","twitter_misc":{"Gesch\u00e4tzte Lesezeit":"9\u00a0Minuten"},"schema":{"@context":"https:\/\/schema.org","@graph":[{"@type":"WebSite","@id":"https:\/\/www.casaheberart.com\/it\/#website","url":"https:\/\/www.casaheberart.com\/it\/","name":"Heberart House","description":"ROMA","potentialAction":[{"@type":"SearchAction","target":{"@type":"EntryPoint","urlTemplate":"https:\/\/www.casaheberart.com\/it\/?s={search_term_string}"},"query-input":"required name=search_term_string"}],"inLanguage":"de"},{"@type":"WebPage","@id":"https:\/\/www.casaheberart.com\/it\/capo-le-case\/#webpage","url":"https:\/\/www.casaheberart.com\/it\/capo-le-case\/","name":"B&B affittacamere in centro a Roma zona \"Spagna\". Alloggi brevi periodi","isPartOf":{"@id":"https:\/\/www.casaheberart.com\/it\/#website"},"datePublished":"2016-11-04T14:28:27+00:00","dateModified":"2025-02-06T16:31:27+00:00","description":"Guest House in centro a Roma, vicina ai musei e alle vie dello shopping. Ben collegato con i mezzi - metro Spagna oppure Barberini","breadcrumb":{"@id":"https:\/\/www.casaheberart.com\/it\/capo-le-case\/#breadcrumb"},"inLanguage":"de","potentialAction":[{"@type":"ReadAction","target":["https:\/\/www.casaheberart.com\/it\/capo-le-case\/"]}]},{"@type":"BreadcrumbList","@id":"https:\/\/www.casaheberart.com\/it\/capo-le-case\/#breadcrumb","itemListElement":[{"@type":"ListItem","position":1,"name":"Home","item":"https:\/\/www.casaheberart.com\/it\/"},{"@type":"ListItem","position":2,"name":"Capo Le Case"}]}]}},"_links":{"self":[{"href":"https:\/\/www.casaheberart.com\/de\/wp-json\/wp\/v2\/pages\/20"}],"collection":[{"href":"https:\/\/www.casaheberart.com\/de\/wp-json\/wp\/v2\/pages"}],"about":[{"href":"https:\/\/www.casaheberart.com\/de\/wp-json\/wp\/v2\/types\/page"}],"author":[{"embeddable":true,"href":"https:\/\/www.casaheberart.com\/de\/wp-json\/wp\/v2\/users\/14"}],"replies":[{"embeddable":true,"href":"https:\/\/www.casaheberart.com\/de\/wp-json\/wp\/v2\/comments?post=20"}],"version-history":[{"count":242,"href":"https:\/\/www.casaheberart.com\/de\/wp-json\/wp\/v2\/pages\/20\/revisions"}],"predecessor-version":[{"id":2941,"href":"https:\/\/www.casaheberart.com\/de\/wp-json\/wp\/v2\/pages\/20\/revisions\/2941"}],"wp:attachment":[{"href":"https:\/\/www.casaheberart.com\/de\/wp-json\/wp\/v2\/media?parent=20"}],"curies":[{"name":"wp","href":"https:\/\/api.w.org\/{rel}","templated":true}]}}